{"version":"1.0","provider_name":"El Diario - Bolivia","provider_url":"https:\/\/www.eldiario.net\/portal","title":"Chile y Bolivia afianzan nuevo ciclo parlamentario - El Diario - Bolivia","type":"rich","width":600,"height":338,"html":"<blockquote class=\"wp-embedded-content\" data-secret=\"JrDP3bPJhi\"><a href=\"https:\/\/www.eldiario.net\/portal\/2026\/09\/06\/chile-y-bolivia-afianzan-nuevo-ciclo-parlamentario\/\">Chile y Bolivia afianzan nuevo ciclo parlamentario<\/a><\/blockquote><iframe sandbox=\"allow-scripts\" security=\"restricted\" src=\"https:\/\/www.eldiario.net\/portal\/2026\/09\/06\/chile-y-bolivia-afianzan-nuevo-ciclo-parlamentario\/embed\/#?secret=JrDP3bPJhi\" width=\"600\" height=\"338\" title=\"\u00abChile y Bolivia afianzan nuevo ciclo parlamentario\u00bb \u2014 El Diario - Bolivia\" data-secret=\"JrDP3bPJhi\" frameborder=\"0\" marginwidth=\"0\" marginheight=\"0\" scrolling=\"no\" class=\"wp-embedded-content\"><\/iframe><script>\n\/*! This file is auto-generated *\/\n!function(d,l){\"use strict\";l.querySelector&&d.addEventListener&&\"undefined\"!=typeof URL&&(d.wp=d.wp||{},d.wp.receiveEmbedMessage||(d.wp.receiveEmbedMessage=function(e){var t=e.data;if((t||t.secret||t.message||t.value)&&!\/[^a-zA-Z0-9]\/.test(t.secret)){for(var s,r,n,a=l.querySelectorAll('iframe[data-secret=\"'+t.secret+'\"]'),o=l.querySelectorAll('blockquote[data-secret=\"'+t.secret+'\"]'),c=new RegExp(\"^https?:$\",\"i\"),i=0;i<o.length;i++)o[i].style.display=\"none\";for(i=0;i<a.length;i++)s=a[i],e.source===s.contentWindow&&(s.removeAttribute(\"style\"),\"height\"===t.message?(1e3<(r=parseInt(t.value,10))?r=1e3:~~r<200&&(r=200),s.height=r):\"link\"===t.message&&(r=new URL(s.getAttribute(\"src\")),n=new URL(t.value),c.test(n.protocol))&&n.host===r.host&&l.activeElement===s&&(d.top.location.href=t.value))}},d.addEventListener(\"message\",d.wp.receiveEmbedMessage,!1),l.addEventListener(\"DOMContentLoaded\",function(){for(var e,t,s=l.querySelectorAll(\"iframe.wp-embedded-content\"),r=0;r<s.length;r++)(t=(e=s[r]).getAttribute(\"data-secret\"))||(t=Math.random().toString(36).substring(2,12),e.src+=\"#?secret=\"+t,e.setAttribute(\"data-secret\",t)),e.contentWindow.postMessage({message:\"ready\",secret:t},\"*\")},!1)))}(window,document);\n\/\/# sourceURL=https:\/\/www.eldiario.net\/portal\/wp-includes\/js\/wp-embed.min.js\n<\/script>\n","thumbnail_url":"https:\/\/www.eldiario.net\/portal\/wp-content\/uploads\/2026\/09\/DSC_5349.webp","thumbnail_width":1200,"thumbnail_height":936,"description":"El C\u00f3nsul General de Chile, embajador Roberto Ruiz Pirac\u00e9s, ofreci\u00f3 un c\u00f3ctel en su residencia con motivo de la visita de la delegaci\u00f3n de la Comisi\u00f3n de Relaciones Exteriores del Senado de Chile, la primera misi\u00f3n oficial de esta naturaleza en casi dos d\u00e9cadas. El evento congreg\u00f3 a la comitiva parlamentaria chilena encabezada por el [&hellip;]"}