{"version":"1.0","provider_name":"El Diario - Bolivia","provider_url":"https:\/\/www.eldiario.net\/portal","title":"Fallece Gloria Steinem un \u00edcono del feminismo - El Diario - Bolivia","type":"rich","width":600,"height":338,"html":"<blockquote class=\"wp-embedded-content\" data-secret=\"LcwtatYhwU\"><a href=\"https:\/\/www.eldiario.net\/portal\/2026\/09\/04\/fallece-gloria-steinem-un-icono-del-feminismo\/\">Fallece Gloria Steinem  un \u00edcono del feminismo<\/a><\/blockquote><iframe sandbox=\"allow-scripts\" security=\"restricted\" src=\"https:\/\/www.eldiario.net\/portal\/2026\/09\/04\/fallece-gloria-steinem-un-icono-del-feminismo\/embed\/#?secret=LcwtatYhwU\" width=\"600\" height=\"338\" title=\"\u00abFallece Gloria Steinem  un \u00edcono del feminismo\u00bb \u2014 El Diario - Bolivia\" data-secret=\"LcwtatYhwU\" frameborder=\"0\" marginwidth=\"0\" marginheight=\"0\" scrolling=\"no\" class=\"wp-embedded-content\"><\/iframe><script>\n\/*! This file is auto-generated *\/\n!function(d,l){\"use strict\";l.querySelector&&d.addEventListener&&\"undefined\"!=typeof URL&&(d.wp=d.wp||{},d.wp.receiveEmbedMessage||(d.wp.receiveEmbedMessage=function(e){var t=e.data;if((t||t.secret||t.message||t.value)&&!\/[^a-zA-Z0-9]\/.test(t.secret)){for(var s,r,n,a=l.querySelectorAll('iframe[data-secret=\"'+t.secret+'\"]'),o=l.querySelectorAll('blockquote[data-secret=\"'+t.secret+'\"]'),c=new RegExp(\"^https?:$\",\"i\"),i=0;i<o.length;i++)o[i].style.display=\"none\";for(i=0;i<a.length;i++)s=a[i],e.source===s.contentWindow&&(s.removeAttribute(\"style\"),\"height\"===t.message?(1e3<(r=parseInt(t.value,10))?r=1e3:~~r<200&&(r=200),s.height=r):\"link\"===t.message&&(r=new URL(s.getAttribute(\"src\")),n=new URL(t.value),c.test(n.protocol))&&n.host===r.host&&l.activeElement===s&&(d.top.location.href=t.value))}},d.addEventListener(\"message\",d.wp.receiveEmbedMessage,!1),l.addEventListener(\"DOMContentLoaded\",function(){for(var e,t,s=l.querySelectorAll(\"iframe.wp-embedded-content\"),r=0;r<s.length;r++)(t=(e=s[r]).getAttribute(\"data-secret\"))||(t=Math.random().toString(36).substring(2,12),e.src+=\"#?secret=\"+t,e.setAttribute(\"data-secret\",t)),e.contentWindow.postMessage({message:\"ready\",secret:t},\"*\")},!1)))}(window,document);\n\/\/# sourceURL=https:\/\/www.eldiario.net\/portal\/wp-includes\/js\/wp-embed.min.js\n<\/script>\n","thumbnail_url":"https:\/\/www.eldiario.net\/portal\/wp-content\/uploads\/2026\/09\/GLORIA-AP.webp","thumbnail_width":1368,"thumbnail_height":912,"description":"La periodista estadounidense y figura emblem\u00e1tica del feminismo Gloria Steinem muri\u00f3 a los 92 a\u00f1os, inform\u00f3 su fundaci\u00f3n en un comunicado difundido ayer. \u00abGloria Steinem falleci\u00f3 en paz en su casa de Nueva York, rodeada de algunas de las muchas personas que la quer\u00edan\u00bb, se\u00f1al\u00f3 la Gloria&#8217;s Foundation en un comunicado publicado en Instagram, sin [&hellip;]"}