{"version":"1.0","provider_name":"El Diario - Bolivia","provider_url":"https:\/\/www.eldiario.net\/portal","title":"ALIMENTACI\u00d3N EN PROBLEMAS DE ACN\u00c9 - El Diario - Bolivia","type":"rich","width":600,"height":338,"html":"<blockquote class=\"wp-embedded-content\" data-secret=\"znBTrqKNqP\"><a href=\"https:\/\/www.eldiario.net\/portal\/2026\/07\/26\/alimentacion-en-problemas-de-acne\/\">ALIMENTACI\u00d3N EN PROBLEMAS DE ACN\u00c9<\/a><\/blockquote><iframe sandbox=\"allow-scripts\" security=\"restricted\" src=\"https:\/\/www.eldiario.net\/portal\/2026\/07\/26\/alimentacion-en-problemas-de-acne\/embed\/#?secret=znBTrqKNqP\" width=\"600\" height=\"338\" title=\"\u00abALIMENTACI\u00d3N EN PROBLEMAS DE ACN\u00c9\u00bb \u2014 El Diario - Bolivia\" data-secret=\"znBTrqKNqP\" frameborder=\"0\" marginwidth=\"0\" marginheight=\"0\" scrolling=\"no\" class=\"wp-embedded-content\"><\/iframe><script>\n\/*! This file is auto-generated *\/\n!function(d,l){\"use strict\";l.querySelector&&d.addEventListener&&\"undefined\"!=typeof URL&&(d.wp=d.wp||{},d.wp.receiveEmbedMessage||(d.wp.receiveEmbedMessage=function(e){var t=e.data;if((t||t.secret||t.message||t.value)&&!\/[^a-zA-Z0-9]\/.test(t.secret)){for(var s,r,n,a=l.querySelectorAll('iframe[data-secret=\"'+t.secret+'\"]'),o=l.querySelectorAll('blockquote[data-secret=\"'+t.secret+'\"]'),c=new RegExp(\"^https?:$\",\"i\"),i=0;i<o.length;i++)o[i].style.display=\"none\";for(i=0;i<a.length;i++)s=a[i],e.source===s.contentWindow&&(s.removeAttribute(\"style\"),\"height\"===t.message?(1e3<(r=parseInt(t.value,10))?r=1e3:~~r<200&&(r=200),s.height=r):\"link\"===t.message&&(r=new URL(s.getAttribute(\"src\")),n=new URL(t.value),c.test(n.protocol))&&n.host===r.host&&l.activeElement===s&&(d.top.location.href=t.value))}},d.addEventListener(\"message\",d.wp.receiveEmbedMessage,!1),l.addEventListener(\"DOMContentLoaded\",function(){for(var e,t,s=l.querySelectorAll(\"iframe.wp-embedded-content\"),r=0;r<s.length;r++)(t=(e=s[r]).getAttribute(\"data-secret\"))||(t=Math.random().toString(36).substring(2,12),e.src+=\"#?secret=\"+t,e.setAttribute(\"data-secret\",t)),e.contentWindow.postMessage({message:\"ready\",secret:t},\"*\")},!1)))}(window,document);\n\/\/# sourceURL=https:\/\/www.eldiario.net\/portal\/wp-includes\/js\/wp-embed.min.js\n<\/script>\n","thumbnail_url":"https:\/\/www.eldiario.net\/portal\/wp-content\/uploads\/2026\/07\/ALIMENTACION-EN-PROBLEMAS-DE-ACNE-copia.webp","thumbnail_width":900,"thumbnail_height":666,"description":"Lic. Mar\u00eda Luisa Ticona Pardo &#8211; Nutricionista-Dietista U.M.S.A. &#8211; Cel. 69969618 El acn\u00e9 es una las alteraciones dermatol\u00f3gicas m\u00e1s frecuente en la poblaci\u00f3n. Especialmente en los adolescentes, qui\u00e9nes presentan un deterior significativo en aspectos psicosociales, consigo conlleva a s\u00edntomas depresivos. Podemos mencionar factores principales, producci\u00f3n de grasa por la gl\u00e1ndula seb\u00e1cea, colonizaci\u00f3n folicular, alteraciones en [&hellip;]"}