{"version":"1.0","provider_name":"El Diario - Bolivia","provider_url":"https:\/\/www.eldiario.net\/portal","title":"Federaci\u00f3n colombiana proteje a Campaz - El Diario - Bolivia","type":"rich","width":600,"height":338,"html":"<blockquote class=\"wp-embedded-content\" data-secret=\"7W5xG18Ry7\"><a href=\"https:\/\/www.eldiario.net\/portal\/2026\/07\/11\/federacion-colombiana-proteje-a-campaz\/\">Federaci\u00f3n colombiana proteje a Campaz<\/a><\/blockquote><iframe sandbox=\"allow-scripts\" security=\"restricted\" src=\"https:\/\/www.eldiario.net\/portal\/2026\/07\/11\/federacion-colombiana-proteje-a-campaz\/embed\/#?secret=7W5xG18Ry7\" width=\"600\" height=\"338\" title=\"\u00abFederaci\u00f3n colombiana proteje a Campaz\u00bb \u2014 El Diario - Bolivia\" data-secret=\"7W5xG18Ry7\" frameborder=\"0\" marginwidth=\"0\" marginheight=\"0\" scrolling=\"no\" class=\"wp-embedded-content\"><\/iframe><script>\n\/*! This file is auto-generated *\/\n!function(d,l){\"use strict\";l.querySelector&&d.addEventListener&&\"undefined\"!=typeof URL&&(d.wp=d.wp||{},d.wp.receiveEmbedMessage||(d.wp.receiveEmbedMessage=function(e){var t=e.data;if((t||t.secret||t.message||t.value)&&!\/[^a-zA-Z0-9]\/.test(t.secret)){for(var s,r,n,a=l.querySelectorAll('iframe[data-secret=\"'+t.secret+'\"]'),o=l.querySelectorAll('blockquote[data-secret=\"'+t.secret+'\"]'),c=new RegExp(\"^https?:$\",\"i\"),i=0;i<o.length;i++)o[i].style.display=\"none\";for(i=0;i<a.length;i++)s=a[i],e.source===s.contentWindow&&(s.removeAttribute(\"style\"),\"height\"===t.message?(1e3<(r=parseInt(t.value,10))?r=1e3:~~r<200&&(r=200),s.height=r):\"link\"===t.message&&(r=new URL(s.getAttribute(\"src\")),n=new URL(t.value),c.test(n.protocol))&&n.host===r.host&&l.activeElement===s&&(d.top.location.href=t.value))}},d.addEventListener(\"message\",d.wp.receiveEmbedMessage,!1),l.addEventListener(\"DOMContentLoaded\",function(){for(var e,t,s=l.querySelectorAll(\"iframe.wp-embedded-content\"),r=0;r<s.length;r++)(t=(e=s[r]).getAttribute(\"data-secret\"))||(t=Math.random().toString(36).substring(2,12),e.src+=\"#?secret=\"+t,e.setAttribute(\"data-secret\",t)),e.contentWindow.postMessage({message:\"ready\",secret:t},\"*\")},!1)))}(window,document);\n\/\/# sourceURL=https:\/\/www.eldiario.net\/portal\/wp-includes\/js\/wp-embed.min.js\n<\/script>\n","thumbnail_url":"https:\/\/www.eldiario.net\/portal\/wp-content\/uploads\/2026\/07\/Campaz.webp","thumbnail_width":1014,"thumbnail_height":1194,"description":"La Federaci\u00f3n Colombiana de F\u00fatbol (FCF) pidi\u00f3 ayer a la Fiscal\u00eda que investigue las amenazas en contra del futbolista J\u00e1minton Campaz, blanco de cr\u00edticas y amenazas tras fallar un gol en los minutos finales de la pr\u00f3rroga del partido con Suiza en el que los cafeteros perdieron la posibilidad de avanzar a cuartos de final [&hellip;]"}