{"version":"1.0","provider_name":"El Diario - Bolivia","provider_url":"https:\/\/www.eldiario.net\/portal","title":"Autos y motos el\u00e9ctricos cuadruplican sus ventas - El Diario - Bolivia","type":"rich","width":600,"height":338,"html":"<blockquote class=\"wp-embedded-content\" data-secret=\"R3MGgVmOOT\"><a href=\"https:\/\/www.eldiario.net\/portal\/2026\/06\/28\/autos-y-motos-electricos-cuadruplican-sus-ventas\/\">Autos y motos el\u00e9ctricos  cuadruplican sus ventas<\/a><\/blockquote><iframe sandbox=\"allow-scripts\" security=\"restricted\" src=\"https:\/\/www.eldiario.net\/portal\/2026\/06\/28\/autos-y-motos-electricos-cuadruplican-sus-ventas\/embed\/#?secret=R3MGgVmOOT\" width=\"600\" height=\"338\" title=\"\u00abAutos y motos el\u00e9ctricos  cuadruplican sus ventas\u00bb \u2014 El Diario - Bolivia\" data-secret=\"R3MGgVmOOT\" frameborder=\"0\" marginwidth=\"0\" marginheight=\"0\" scrolling=\"no\" class=\"wp-embedded-content\"><\/iframe><script>\n\/*! This file is auto-generated *\/\n!function(d,l){\"use strict\";l.querySelector&&d.addEventListener&&\"undefined\"!=typeof URL&&(d.wp=d.wp||{},d.wp.receiveEmbedMessage||(d.wp.receiveEmbedMessage=function(e){var t=e.data;if((t||t.secret||t.message||t.value)&&!\/[^a-zA-Z0-9]\/.test(t.secret)){for(var s,r,n,a=l.querySelectorAll('iframe[data-secret=\"'+t.secret+'\"]'),o=l.querySelectorAll('blockquote[data-secret=\"'+t.secret+'\"]'),c=new RegExp(\"^https?:$\",\"i\"),i=0;i<o.length;i++)o[i].style.display=\"none\";for(i=0;i<a.length;i++)s=a[i],e.source===s.contentWindow&&(s.removeAttribute(\"style\"),\"height\"===t.message?(1e3<(r=parseInt(t.value,10))?r=1e3:~~r<200&&(r=200),s.height=r):\"link\"===t.message&&(r=new URL(s.getAttribute(\"src\")),n=new URL(t.value),c.test(n.protocol))&&n.host===r.host&&l.activeElement===s&&(d.top.location.href=t.value))}},d.addEventListener(\"message\",d.wp.receiveEmbedMessage,!1),l.addEventListener(\"DOMContentLoaded\",function(){for(var e,t,s=l.querySelectorAll(\"iframe.wp-embedded-content\"),r=0;r<s.length;r++)(t=(e=s[r]).getAttribute(\"data-secret\"))||(t=Math.random().toString(36).substring(2,12),e.src+=\"#?secret=\"+t,e.setAttribute(\"data-secret\",t)),e.contentWindow.postMessage({message:\"ready\",secret:t},\"*\")},!1)))}(window,document);\n\/\/# sourceURL=https:\/\/www.eldiario.net\/portal\/wp-includes\/js\/wp-embed.min.js\n<\/script>\n","thumbnail_url":"https:\/\/www.eldiario.net\/portal\/wp-content\/uploads\/2026\/06\/auto-electrico-EyE-10-cm-x-7.webp","thumbnail_width":1280,"thumbnail_height":600,"description":"El aumento del precio de la gasolina, su dudosa calidad y las largas filas que se debe hacer para conseguir este combustible, problema de todo este a\u00f1o, ha tenido un directo en la venta de veh\u00edculos el\u00e9ctricos en las importadoras, mientras que la adquisici\u00f3n de motorizados a gasolina se redujo al m\u00ednimo. Marcas como BYD, [&hellip;]"}