{"version":"1.0","provider_name":"El Diario - Bolivia","provider_url":"https:\/\/www.eldiario.net\/portal","title":"Tania Peredo lanza la canci\u00f3n \u201cDespierta Bolivia\u201d - El Diario - Bolivia","type":"rich","width":600,"height":338,"html":"<blockquote class=\"wp-embedded-content\" data-secret=\"v0Vtm4ylHN\"><a href=\"https:\/\/www.eldiario.net\/portal\/2025\/08\/04\/tania-peredo-lanza-la-cancion-despierta-bolivia\/\">Tania Peredo lanza la  canci\u00f3n \u201cDespierta Bolivia\u201d<\/a><\/blockquote><iframe sandbox=\"allow-scripts\" security=\"restricted\" src=\"https:\/\/www.eldiario.net\/portal\/2025\/08\/04\/tania-peredo-lanza-la-cancion-despierta-bolivia\/embed\/#?secret=v0Vtm4ylHN\" width=\"600\" height=\"338\" title=\"\u00abTania Peredo lanza la  canci\u00f3n \u201cDespierta Bolivia\u201d\u00bb \u2014 El Diario - Bolivia\" data-secret=\"v0Vtm4ylHN\" frameborder=\"0\" marginwidth=\"0\" marginheight=\"0\" scrolling=\"no\" class=\"wp-embedded-content\"><\/iframe><script>\n\/*! This file is auto-generated *\/\n!function(d,l){\"use strict\";l.querySelector&&d.addEventListener&&\"undefined\"!=typeof URL&&(d.wp=d.wp||{},d.wp.receiveEmbedMessage||(d.wp.receiveEmbedMessage=function(e){var t=e.data;if((t||t.secret||t.message||t.value)&&!\/[^a-zA-Z0-9]\/.test(t.secret)){for(var s,r,n,a=l.querySelectorAll('iframe[data-secret=\"'+t.secret+'\"]'),o=l.querySelectorAll('blockquote[data-secret=\"'+t.secret+'\"]'),c=new RegExp(\"^https?:$\",\"i\"),i=0;i<o.length;i++)o[i].style.display=\"none\";for(i=0;i<a.length;i++)s=a[i],e.source===s.contentWindow&&(s.removeAttribute(\"style\"),\"height\"===t.message?(1e3<(r=parseInt(t.value,10))?r=1e3:~~r<200&&(r=200),s.height=r):\"link\"===t.message&&(r=new URL(s.getAttribute(\"src\")),n=new URL(t.value),c.test(n.protocol))&&n.host===r.host&&l.activeElement===s&&(d.top.location.href=t.value))}},d.addEventListener(\"message\",d.wp.receiveEmbedMessage,!1),l.addEventListener(\"DOMContentLoaded\",function(){for(var e,t,s=l.querySelectorAll(\"iframe.wp-embedded-content\"),r=0;r<s.length;r++)(t=(e=s[r]).getAttribute(\"data-secret\"))||(t=Math.random().toString(36).substring(2,12),e.src+=\"#?secret=\"+t,e.setAttribute(\"data-secret\",t)),e.contentWindow.postMessage({message:\"ready\",secret:t},\"*\")},!1)))}(window,document);\n\/\/# sourceURL=https:\/\/www.eldiario.net\/portal\/wp-includes\/js\/wp-embed.min.js\n<\/script>\n","thumbnail_url":"https:\/\/www.eldiario.net\/portal\/wp-content\/uploads\/2025\/08\/A-tania-.webp","thumbnail_width":752,"thumbnail_height":849,"description":"La concertista en instrumentos de viento y cantautora boliviana Tania Peredo acaba de lanzar al mercado la canci\u00f3n \u201cDespierta Bolivia\u201d. \u201cAnte la impotencia por la actual situaci\u00f3n que vive nuestro pa\u00eds, donde pr\u00e1cticamente ya vivimos una inflaci\u00f3n, con largas filas para cargar gasolina, no hay d\u00f3lares y tantos factores m\u00e1s, nace \u201cDespierta Bolivia\u201d, que solo [&hellip;]"}