{"version":"1.0","provider_name":"El Diario - Bolivia","provider_url":"https:\/\/www.eldiario.net\/portal","title":"Reforzar\u00e1n la seguridad del Cementerio General - El Diario - Bolivia","type":"rich","width":600,"height":338,"html":"<blockquote class=\"wp-embedded-content\" data-secret=\"TaYZ4UVmW2\"><a href=\"https:\/\/www.eldiario.net\/portal\/2025\/07\/23\/reforzaran-la-seguridad-del-cementerio-general\/\">Reforzar\u00e1n la seguridad del Cementerio General<\/a><\/blockquote><iframe sandbox=\"allow-scripts\" security=\"restricted\" src=\"https:\/\/www.eldiario.net\/portal\/2025\/07\/23\/reforzaran-la-seguridad-del-cementerio-general\/embed\/#?secret=TaYZ4UVmW2\" width=\"600\" height=\"338\" title=\"\u00abReforzar\u00e1n la seguridad del Cementerio General\u00bb \u2014 El Diario - Bolivia\" data-secret=\"TaYZ4UVmW2\" frameborder=\"0\" marginwidth=\"0\" marginheight=\"0\" scrolling=\"no\" class=\"wp-embedded-content\"><\/iframe><script>\n\/*! This file is auto-generated *\/\n!function(d,l){\"use strict\";l.querySelector&&d.addEventListener&&\"undefined\"!=typeof URL&&(d.wp=d.wp||{},d.wp.receiveEmbedMessage||(d.wp.receiveEmbedMessage=function(e){var t=e.data;if((t||t.secret||t.message||t.value)&&!\/[^a-zA-Z0-9]\/.test(t.secret)){for(var s,r,n,a=l.querySelectorAll('iframe[data-secret=\"'+t.secret+'\"]'),o=l.querySelectorAll('blockquote[data-secret=\"'+t.secret+'\"]'),c=new RegExp(\"^https?:$\",\"i\"),i=0;i<o.length;i++)o[i].style.display=\"none\";for(i=0;i<a.length;i++)s=a[i],e.source===s.contentWindow&&(s.removeAttribute(\"style\"),\"height\"===t.message?(1e3<(r=parseInt(t.value,10))?r=1e3:~~r<200&&(r=200),s.height=r):\"link\"===t.message&&(r=new URL(s.getAttribute(\"src\")),n=new URL(t.value),c.test(n.protocol))&&n.host===r.host&&l.activeElement===s&&(d.top.location.href=t.value))}},d.addEventListener(\"message\",d.wp.receiveEmbedMessage,!1),l.addEventListener(\"DOMContentLoaded\",function(){for(var e,t,s=l.querySelectorAll(\"iframe.wp-embedded-content\"),r=0;r<s.length;r++)(t=(e=s[r]).getAttribute(\"data-secret\"))||(t=Math.random().toString(36).substring(2,12),e.src+=\"#?secret=\"+t,e.setAttribute(\"data-secret\",t)),e.contentWindow.postMessage({message:\"ready\",secret:t},\"*\")},!1)))}(window,document);\n\/\/# sourceURL=https:\/\/www.eldiario.net\/portal\/wp-includes\/js\/wp-embed.min.js\n<\/script>\n","thumbnail_url":"https:\/\/www.eldiario.net\/portal\/wp-content\/uploads\/2025\/07\/11-NAL-COLOR-.webp","thumbnail_width":1200,"thumbnail_height":675,"description":"La Administraci\u00f3n del Cementerio General de la ciudad de Cochabamba anunci\u00f3 el refuerzo de las medidas de seguridad con la instalaci\u00f3n de c\u00e1maras de videovigilancia en puntos estrat\u00e9gicos del camposanto. El administrador Miguel Pantoja inform\u00f3 que, si bien ya se cuenta con guardias de seguridad, se activar\u00e1n sistemas adicionales como c\u00e1maras y parlantes para brindar [&hellip;]"}