{"version":"1.0","provider_name":"El Diario - Bolivia","provider_url":"https:\/\/www.eldiario.net\/portal","title":"Lanzan cursos gratuitos de idiomas para j\u00f3venes - El Diario - Bolivia","type":"rich","width":600,"height":338,"html":"<blockquote class=\"wp-embedded-content\" data-secret=\"KlJrodkk5U\"><a href=\"https:\/\/www.eldiario.net\/portal\/2025\/07\/23\/lanzan-cursos-gratuitos-de-idiomas-para-jovenes\/\">Lanzan cursos gratuitos  de idiomas para j\u00f3venes<\/a><\/blockquote><iframe sandbox=\"allow-scripts\" security=\"restricted\" src=\"https:\/\/www.eldiario.net\/portal\/2025\/07\/23\/lanzan-cursos-gratuitos-de-idiomas-para-jovenes\/embed\/#?secret=KlJrodkk5U\" width=\"600\" height=\"338\" title=\"\u00abLanzan cursos gratuitos  de idiomas para j\u00f3venes\u00bb \u2014 El Diario - Bolivia\" data-secret=\"KlJrodkk5U\" frameborder=\"0\" marginwidth=\"0\" marginheight=\"0\" scrolling=\"no\" class=\"wp-embedded-content\"><\/iframe><script>\n\/*! This file is auto-generated *\/\n!function(d,l){\"use strict\";l.querySelector&&d.addEventListener&&\"undefined\"!=typeof URL&&(d.wp=d.wp||{},d.wp.receiveEmbedMessage||(d.wp.receiveEmbedMessage=function(e){var t=e.data;if((t||t.secret||t.message||t.value)&&!\/[^a-zA-Z0-9]\/.test(t.secret)){for(var s,r,n,a=l.querySelectorAll('iframe[data-secret=\"'+t.secret+'\"]'),o=l.querySelectorAll('blockquote[data-secret=\"'+t.secret+'\"]'),c=new RegExp(\"^https?:$\",\"i\"),i=0;i<o.length;i++)o[i].style.display=\"none\";for(i=0;i<a.length;i++)s=a[i],e.source===s.contentWindow&&(s.removeAttribute(\"style\"),\"height\"===t.message?(1e3<(r=parseInt(t.value,10))?r=1e3:~~r<200&&(r=200),s.height=r):\"link\"===t.message&&(r=new URL(s.getAttribute(\"src\")),n=new URL(t.value),c.test(n.protocol))&&n.host===r.host&&l.activeElement===s&&(d.top.location.href=t.value))}},d.addEventListener(\"message\",d.wp.receiveEmbedMessage,!1),l.addEventListener(\"DOMContentLoaded\",function(){for(var e,t,s=l.querySelectorAll(\"iframe.wp-embedded-content\"),r=0;r<s.length;r++)(t=(e=s[r]).getAttribute(\"data-secret\"))||(t=Math.random().toString(36).substring(2,12),e.src+=\"#?secret=\"+t,e.setAttribute(\"data-secret\",t)),e.contentWindow.postMessage({message:\"ready\",secret:t},\"*\")},!1)))}(window,document);\n\/\/# sourceURL=https:\/\/www.eldiario.net\/portal\/wp-includes\/js\/wp-embed.min.js\n<\/script>\n","thumbnail_url":"https:\/\/www.eldiario.net\/portal\/wp-content\/uploads\/2023\/12\/Nacional.jpg","thumbnail_width":800,"thumbnail_height":500,"description":"La Gobernaci\u00f3n, a trav\u00e9s de la Direcci\u00f3n de Juventud, lanz\u00f3 la convocatoria para los cursos gratuitos de idiomas que se brindar\u00e1n de manera virtual desde el 28 de julio para los j\u00f3venes del departamento. Se tienen 100 cupos para las clases de portugu\u00e9s y 300 para ingl\u00e9s, los mismos que tendr\u00e1n una duraci\u00f3n de tres [&hellip;]"}