{"version":"1.0","provider_name":"El Diario - Bolivia","provider_url":"https:\/\/www.eldiario.net\/portal","title":"Homenaje p\u00f3stumo a Daniel S\u00e1nchez Rocha - El Diario - Bolivia","type":"rich","width":600,"height":338,"html":"<blockquote class=\"wp-embedded-content\" data-secret=\"S8NDNUfhl1\"><a href=\"https:\/\/www.eldiario.net\/portal\/2025\/07\/18\/homenaje-postumo-a-daniel-sanchez-rocha-2\/\">Homenaje p\u00f3stumo a Daniel S\u00e1nchez Rocha<\/a><\/blockquote><iframe sandbox=\"allow-scripts\" security=\"restricted\" src=\"https:\/\/www.eldiario.net\/portal\/2025\/07\/18\/homenaje-postumo-a-daniel-sanchez-rocha-2\/embed\/#?secret=S8NDNUfhl1\" width=\"600\" height=\"338\" title=\"\u00abHomenaje p\u00f3stumo a Daniel S\u00e1nchez Rocha\u00bb \u2014 El Diario - Bolivia\" data-secret=\"S8NDNUfhl1\" frameborder=\"0\" marginwidth=\"0\" marginheight=\"0\" scrolling=\"no\" class=\"wp-embedded-content\"><\/iframe><script>\n\/*! This file is auto-generated *\/\n!function(d,l){\"use strict\";l.querySelector&&d.addEventListener&&\"undefined\"!=typeof URL&&(d.wp=d.wp||{},d.wp.receiveEmbedMessage||(d.wp.receiveEmbedMessage=function(e){var t=e.data;if((t||t.secret||t.message||t.value)&&!\/[^a-zA-Z0-9]\/.test(t.secret)){for(var s,r,n,a=l.querySelectorAll('iframe[data-secret=\"'+t.secret+'\"]'),o=l.querySelectorAll('blockquote[data-secret=\"'+t.secret+'\"]'),c=new RegExp(\"^https?:$\",\"i\"),i=0;i<o.length;i++)o[i].style.display=\"none\";for(i=0;i<a.length;i++)s=a[i],e.source===s.contentWindow&&(s.removeAttribute(\"style\"),\"height\"===t.message?(1e3<(r=parseInt(t.value,10))?r=1e3:~~r<200&&(r=200),s.height=r):\"link\"===t.message&&(r=new URL(s.getAttribute(\"src\")),n=new URL(t.value),c.test(n.protocol))&&n.host===r.host&&l.activeElement===s&&(d.top.location.href=t.value))}},d.addEventListener(\"message\",d.wp.receiveEmbedMessage,!1),l.addEventListener(\"DOMContentLoaded\",function(){for(var e,t,s=l.querySelectorAll(\"iframe.wp-embedded-content\"),r=0;r<s.length;r++)(t=(e=s[r]).getAttribute(\"data-secret\"))||(t=Math.random().toString(36).substring(2,12),e.src+=\"#?secret=\"+t,e.setAttribute(\"data-secret\",t)),e.contentWindow.postMessage({message:\"ready\",secret:t},\"*\")},!1)))}(window,document);\n\/\/# sourceURL=https:\/\/www.eldiario.net\/portal\/wp-includes\/js\/wp-embed.min.js\n<\/script>\n","thumbnail_url":"https:\/\/www.eldiario.net\/portal\/wp-content\/uploads\/2025\/07\/1-PRINCIPAL-8.webp","thumbnail_width":800,"thumbnail_height":531,"description":"Con m\u00e1s de 60 a\u00f1os de trayectoria, Daniel S\u00e1nchez Rocha fue una de las personalidades m\u00e1s importantes en el \u00e1mbito de la radiodifusi\u00f3n boliviana. Su m\u00e9rito fue hacer de Panamericana \u201cLa Radio Bandera de Bolivia\u201d, una emisora l\u00edder, con una fuerte presencia en el pa\u00eds y fuera de las fronteras. Su trabajo fue denodado, serio, [&hellip;]"}