{"version":"1.0","provider_name":"El Diario - Bolivia","provider_url":"https:\/\/www.eldiario.net\/portal","title":"Descartan suspensi\u00f3n de Entrada del Gran Poder - El Diario - Bolivia","type":"rich","width":600,"height":338,"html":"<blockquote class=\"wp-embedded-content\" data-secret=\"d14ajeQVVS\"><a href=\"https:\/\/www.eldiario.net\/portal\/2025\/06\/13\/descartan-suspension-de-entrada-del-gran-poder\/\">Descartan suspensi\u00f3n de Entrada del Gran Poder<\/a><\/blockquote><iframe sandbox=\"allow-scripts\" security=\"restricted\" src=\"https:\/\/www.eldiario.net\/portal\/2025\/06\/13\/descartan-suspension-de-entrada-del-gran-poder\/embed\/#?secret=d14ajeQVVS\" width=\"600\" height=\"338\" title=\"\u00abDescartan suspensi\u00f3n de Entrada del Gran Poder\u00bb \u2014 El Diario - Bolivia\" data-secret=\"d14ajeQVVS\" frameborder=\"0\" marginwidth=\"0\" marginheight=\"0\" scrolling=\"no\" class=\"wp-embedded-content\"><\/iframe><script>\n\/*! This file is auto-generated *\/\n!function(d,l){\"use strict\";l.querySelector&&d.addEventListener&&\"undefined\"!=typeof URL&&(d.wp=d.wp||{},d.wp.receiveEmbedMessage||(d.wp.receiveEmbedMessage=function(e){var t=e.data;if((t||t.secret||t.message||t.value)&&!\/[^a-zA-Z0-9]\/.test(t.secret)){for(var s,r,n,a=l.querySelectorAll('iframe[data-secret=\"'+t.secret+'\"]'),o=l.querySelectorAll('blockquote[data-secret=\"'+t.secret+'\"]'),c=new RegExp(\"^https?:$\",\"i\"),i=0;i<o.length;i++)o[i].style.display=\"none\";for(i=0;i<a.length;i++)s=a[i],e.source===s.contentWindow&&(s.removeAttribute(\"style\"),\"height\"===t.message?(1e3<(r=parseInt(t.value,10))?r=1e3:~~r<200&&(r=200),s.height=r):\"link\"===t.message&&(r=new URL(s.getAttribute(\"src\")),n=new URL(t.value),c.test(n.protocol))&&n.host===r.host&&l.activeElement===s&&(d.top.location.href=t.value))}},d.addEventListener(\"message\",d.wp.receiveEmbedMessage,!1),l.addEventListener(\"DOMContentLoaded\",function(){for(var e,t,s=l.querySelectorAll(\"iframe.wp-embedded-content\"),r=0;r<s.length;r++)(t=(e=s[r]).getAttribute(\"data-secret\"))||(t=Math.random().toString(36).substring(2,12),e.src+=\"#?secret=\"+t,e.setAttribute(\"data-secret\",t)),e.contentWindow.postMessage({message:\"ready\",secret:t},\"*\")},!1)))}(window,document);\n\/\/# sourceURL=https:\/\/www.eldiario.net\/portal\/wp-includes\/js\/wp-embed.min.js\n<\/script>\n","thumbnail_url":"https:\/\/www.eldiario.net\/portal\/wp-content\/uploads\/2025\/06\/P-4-10-cm-x-7-4.webp","thumbnail_width":861,"thumbnail_height":584,"description":"A pesar de los pedidos de postergaci\u00f3n de la entrada en devoci\u00f3n al Se\u00f1or Jes\u00fas del Gran Poder, debido a los conflictos sociales, el secretario municipal de Cultura de la Alcald\u00eda de La Paz, Am\u00e9rico Gemio, ratific\u00f3 que ma\u00f1ana se realizar\u00e1 la actividad folkl\u00f3rica, pero como muestra de apoyo, las fraternidades y los participantes llevar\u00e1n [&hellip;]"}