{"version":"1.0","provider_name":"El Diario - Bolivia","provider_url":"https:\/\/www.eldiario.net\/portal","title":"\u201cPol\u00edticos irresponsables\u201d seguir\u00e1n movilizando sectores - El Diario - Bolivia","type":"rich","width":600,"height":338,"html":"<blockquote class=\"wp-embedded-content\" data-secret=\"RC9jZ4I0tY\"><a href=\"https:\/\/www.eldiario.net\/portal\/2025\/04\/26\/politicos-irresponsables-seguiran-movilizando-sectores\/\">\u201cPol\u00edticos irresponsables\u201d  seguir\u00e1n movilizando sectores<\/a><\/blockquote><iframe sandbox=\"allow-scripts\" security=\"restricted\" src=\"https:\/\/www.eldiario.net\/portal\/2025\/04\/26\/politicos-irresponsables-seguiran-movilizando-sectores\/embed\/#?secret=RC9jZ4I0tY\" width=\"600\" height=\"338\" title=\"\u00ab\u201cPol\u00edticos irresponsables\u201d  seguir\u00e1n movilizando sectores\u00bb \u2014 El Diario - Bolivia\" data-secret=\"RC9jZ4I0tY\" frameborder=\"0\" marginwidth=\"0\" marginheight=\"0\" scrolling=\"no\" class=\"wp-embedded-content\"><\/iframe><script>\n\/*! This file is auto-generated *\/\n!function(d,l){\"use strict\";l.querySelector&&d.addEventListener&&\"undefined\"!=typeof URL&&(d.wp=d.wp||{},d.wp.receiveEmbedMessage||(d.wp.receiveEmbedMessage=function(e){var t=e.data;if((t||t.secret||t.message||t.value)&&!\/[^a-zA-Z0-9]\/.test(t.secret)){for(var s,r,n,a=l.querySelectorAll('iframe[data-secret=\"'+t.secret+'\"]'),o=l.querySelectorAll('blockquote[data-secret=\"'+t.secret+'\"]'),c=new RegExp(\"^https?:$\",\"i\"),i=0;i<o.length;i++)o[i].style.display=\"none\";for(i=0;i<a.length;i++)s=a[i],e.source===s.contentWindow&&(s.removeAttribute(\"style\"),\"height\"===t.message?(1e3<(r=parseInt(t.value,10))?r=1e3:~~r<200&&(r=200),s.height=r):\"link\"===t.message&&(r=new URL(s.getAttribute(\"src\")),n=new URL(t.value),c.test(n.protocol))&&n.host===r.host&&l.activeElement===s&&(d.top.location.href=t.value))}},d.addEventListener(\"message\",d.wp.receiveEmbedMessage,!1),l.addEventListener(\"DOMContentLoaded\",function(){for(var e,t,s=l.querySelectorAll(\"iframe.wp-embedded-content\"),r=0;r<s.length;r++)(t=(e=s[r]).getAttribute(\"data-secret\"))||(t=Math.random().toString(36).substring(2,12),e.src+=\"#?secret=\"+t,e.setAttribute(\"data-secret\",t)),e.contentWindow.postMessage({message:\"ready\",secret:t},\"*\")},!1)))}(window,document);\n\/\/# sourceURL=https:\/\/www.eldiario.net\/portal\/wp-includes\/js\/wp-embed.min.js\n<\/script>\n","thumbnail_url":"https:\/\/www.eldiario.net\/portal\/wp-content\/uploads\/2023\/12\/Politica.jpg","thumbnail_width":800,"thumbnail_height":500,"description":"Ante la recurrencia de sectores a medidas de presi\u00f3n para que autoridades atiendan sus demandas, el senador por el Movimiento al Socialismo (MAS), F\u00e9lix Ajpi, advirti\u00f3 que \u201cpol\u00edticos irresponsables\u201d aprovechar\u00e1n el periodo preelectoral para seguir movilizando sectores, lo que le generar\u00e1 m\u00e1s problemas al Gobierno. En criterio del asamble\u00edsta pace\u00f1o, con la reciente firma de [&hellip;]"}