{"version":"1.0","provider_name":"El Diario - Bolivia","provider_url":"https:\/\/www.eldiario.net\/portal","title":"Diputada cuestiona cambios en la cartograf\u00eda electoral - El Diario - Bolivia","type":"rich","width":600,"height":338,"html":"<blockquote class=\"wp-embedded-content\" data-secret=\"JDIeKvmnyc\"><a href=\"https:\/\/www.eldiario.net\/portal\/2025\/03\/29\/diputada-cuestiona-cambios-en-la-cartografia-electoral\/\">Diputada cuestiona cambios  en la cartograf\u00eda electoral<\/a><\/blockquote><iframe sandbox=\"allow-scripts\" security=\"restricted\" src=\"https:\/\/www.eldiario.net\/portal\/2025\/03\/29\/diputada-cuestiona-cambios-en-la-cartografia-electoral\/embed\/#?secret=JDIeKvmnyc\" width=\"600\" height=\"338\" title=\"\u00abDiputada cuestiona cambios  en la cartograf\u00eda electoral\u00bb \u2014 El Diario - Bolivia\" data-secret=\"JDIeKvmnyc\" frameborder=\"0\" marginwidth=\"0\" marginheight=\"0\" scrolling=\"no\" class=\"wp-embedded-content\"><\/iframe><script>\n\/*! This file is auto-generated *\/\n!function(d,l){\"use strict\";l.querySelector&&d.addEventListener&&\"undefined\"!=typeof URL&&(d.wp=d.wp||{},d.wp.receiveEmbedMessage||(d.wp.receiveEmbedMessage=function(e){var t=e.data;if((t||t.secret||t.message||t.value)&&!\/[^a-zA-Z0-9]\/.test(t.secret)){for(var s,r,n,a=l.querySelectorAll('iframe[data-secret=\"'+t.secret+'\"]'),o=l.querySelectorAll('blockquote[data-secret=\"'+t.secret+'\"]'),c=new RegExp(\"^https?:$\",\"i\"),i=0;i<o.length;i++)o[i].style.display=\"none\";for(i=0;i<a.length;i++)s=a[i],e.source===s.contentWindow&&(s.removeAttribute(\"style\"),\"height\"===t.message?(1e3<(r=parseInt(t.value,10))?r=1e3:~~r<200&&(r=200),s.height=r):\"link\"===t.message&&(r=new URL(s.getAttribute(\"src\")),n=new URL(t.value),c.test(n.protocol))&&n.host===r.host&&l.activeElement===s&&(d.top.location.href=t.value))}},d.addEventListener(\"message\",d.wp.receiveEmbedMessage,!1),l.addEventListener(\"DOMContentLoaded\",function(){for(var e,t,s=l.querySelectorAll(\"iframe.wp-embedded-content\"),r=0;r<s.length;r++)(t=(e=s[r]).getAttribute(\"data-secret\"))||(t=Math.random().toString(36).substring(2,12),e.src+=\"#?secret=\"+t,e.setAttribute(\"data-secret\",t)),e.contentWindow.postMessage({message:\"ready\",secret:t},\"*\")},!1)))}(window,document);\n\/\/# sourceURL=https:\/\/www.eldiario.net\/portal\/wp-includes\/js\/wp-embed.min.js\n<\/script>\n","thumbnail_url":"https:\/\/www.eldiario.net\/portal\/wp-content\/uploads\/2025\/03\/ALVAREZ-MAPA.jpeg","thumbnail_width":1090,"thumbnail_height":613,"description":"La diputada de Creemos, Mar\u00eda Ren\u00e9 \u00c1lvarez, expres\u00f3 su rechazo al nuevo mapa cartogr\u00e1fico electoral aprobado por el Tribunal Supremo Electoral (TSE), al que acus\u00f3 de modificar circunscripciones sin socializar ni consultar a los representantes de las regiones afectadas. \u201cNos hemos enterado de estos cambios por las p\u00e1ginas del Tribunal Electoral Departamental (TED). Ya tienen [&hellip;]"}