{"version":"1.0","provider_name":"El Diario - Bolivia","provider_url":"https:\/\/www.eldiario.net\/portal","title":"Limitar\u00e1n acceso a armas semiautom\u00e1ticas tras tiroteo - El Diario - Bolivia","type":"rich","width":600,"height":338,"html":"<blockquote class=\"wp-embedded-content\" data-secret=\"Cif9yZTiRK\"><a href=\"https:\/\/www.eldiario.net\/portal\/2025\/02\/08\/limitaran-acceso-a-armas-semiautomaticas-tras-tiroteo\/\">Limitar\u00e1n acceso a armas  semiautom\u00e1ticas tras tiroteo<\/a><\/blockquote><iframe sandbox=\"allow-scripts\" security=\"restricted\" src=\"https:\/\/www.eldiario.net\/portal\/2025\/02\/08\/limitaran-acceso-a-armas-semiautomaticas-tras-tiroteo\/embed\/#?secret=Cif9yZTiRK\" width=\"600\" height=\"338\" title=\"\u00abLimitar\u00e1n acceso a armas  semiautom\u00e1ticas tras tiroteo\u00bb \u2014 El Diario - Bolivia\" data-secret=\"Cif9yZTiRK\" frameborder=\"0\" marginwidth=\"0\" marginheight=\"0\" scrolling=\"no\" class=\"wp-embedded-content\"><\/iframe><script>\n\/*! This file is auto-generated *\/\n!function(d,l){\"use strict\";l.querySelector&&d.addEventListener&&\"undefined\"!=typeof URL&&(d.wp=d.wp||{},d.wp.receiveEmbedMessage||(d.wp.receiveEmbedMessage=function(e){var t=e.data;if((t||t.secret||t.message||t.value)&&!\/[^a-zA-Z0-9]\/.test(t.secret)){for(var s,r,n,a=l.querySelectorAll('iframe[data-secret=\"'+t.secret+'\"]'),o=l.querySelectorAll('blockquote[data-secret=\"'+t.secret+'\"]'),c=new RegExp(\"^https?:$\",\"i\"),i=0;i<o.length;i++)o[i].style.display=\"none\";for(i=0;i<a.length;i++)s=a[i],e.source===s.contentWindow&&(s.removeAttribute(\"style\"),\"height\"===t.message?(1e3<(r=parseInt(t.value,10))?r=1e3:~~r<200&&(r=200),s.height=r):\"link\"===t.message&&(r=new URL(s.getAttribute(\"src\")),n=new URL(t.value),c.test(n.protocol))&&n.host===r.host&&l.activeElement===s&&(d.top.location.href=t.value))}},d.addEventListener(\"message\",d.wp.receiveEmbedMessage,!1),l.addEventListener(\"DOMContentLoaded\",function(){for(var e,t,s=l.querySelectorAll(\"iframe.wp-embedded-content\"),r=0;r<s.length;r++)(t=(e=s[r]).getAttribute(\"data-secret\"))||(t=Math.random().toString(36).substring(2,12),e.src+=\"#?secret=\"+t,e.setAttribute(\"data-secret\",t)),e.contentWindow.postMessage({message:\"ready\",secret:t},\"*\")},!1)))}(window,document);\n\/\/# sourceURL=https:\/\/www.eldiario.net\/portal\/wp-includes\/js\/wp-embed.min.js\n<\/script>\n","thumbnail_url":"https:\/\/www.eldiario.net\/portal\/wp-content\/uploads\/2025\/02\/SUECIA-IMAGO.webp","thumbnail_width":1200,"thumbnail_height":525,"description":"El Gobierno de Suecia anunci\u00f3 un acuerdo para endurecer las leyes sobre armas con el objetivo, entre otras medidas, de limitar el acceso a armamento semiautom\u00e1tico como el que habr\u00eda utilizado el pasado martes el tirador de la escuela para adultos de la ciudad de \u00d6rebro, donde murieron asesinadas unas diez personas. \u00abEl horrible acto [&hellip;]"}