{"version":"1.0","provider_name":"El Diario - Bolivia","provider_url":"https:\/\/www.eldiario.net\/portal","title":"Relacionan cr\u00edmenes en Pucamayo con narcotr\u00e1fico - El Diario - Bolivia","type":"rich","width":600,"height":338,"html":"<blockquote class=\"wp-embedded-content\" data-secret=\"r96aMM2D9q\"><a href=\"https:\/\/www.eldiario.net\/portal\/2024\/11\/23\/relacionan-crimenes-en-pucamayo-con-narcotrafico\/\">Relacionan cr\u00edmenes en  Pucamayo con narcotr\u00e1fico<\/a><\/blockquote><iframe sandbox=\"allow-scripts\" security=\"restricted\" src=\"https:\/\/www.eldiario.net\/portal\/2024\/11\/23\/relacionan-crimenes-en-pucamayo-con-narcotrafico\/embed\/#?secret=r96aMM2D9q\" width=\"600\" height=\"338\" title=\"\u00abRelacionan cr\u00edmenes en  Pucamayo con narcotr\u00e1fico\u00bb \u2014 El Diario - Bolivia\" data-secret=\"r96aMM2D9q\" frameborder=\"0\" marginwidth=\"0\" marginheight=\"0\" scrolling=\"no\" class=\"wp-embedded-content\"><\/iframe><script>\n\/*! This file is auto-generated *\/\n!function(d,l){\"use strict\";l.querySelector&&d.addEventListener&&\"undefined\"!=typeof URL&&(d.wp=d.wp||{},d.wp.receiveEmbedMessage||(d.wp.receiveEmbedMessage=function(e){var t=e.data;if((t||t.secret||t.message||t.value)&&!\/[^a-zA-Z0-9]\/.test(t.secret)){for(var s,r,n,a=l.querySelectorAll('iframe[data-secret=\"'+t.secret+'\"]'),o=l.querySelectorAll('blockquote[data-secret=\"'+t.secret+'\"]'),c=new RegExp(\"^https?:$\",\"i\"),i=0;i<o.length;i++)o[i].style.display=\"none\";for(i=0;i<a.length;i++)s=a[i],e.source===s.contentWindow&&(s.removeAttribute(\"style\"),\"height\"===t.message?(1e3<(r=parseInt(t.value,10))?r=1e3:~~r<200&&(r=200),s.height=r):\"link\"===t.message&&(r=new URL(s.getAttribute(\"src\")),n=new URL(t.value),c.test(n.protocol))&&n.host===r.host&&l.activeElement===s&&(d.top.location.href=t.value))}},d.addEventListener(\"message\",d.wp.receiveEmbedMessage,!1),l.addEventListener(\"DOMContentLoaded\",function(){for(var e,t,s=l.querySelectorAll(\"iframe.wp-embedded-content\"),r=0;r<s.length;r++)(t=(e=s[r]).getAttribute(\"data-secret\"))||(t=Math.random().toString(36).substring(2,12),e.src+=\"#?secret=\"+t,e.setAttribute(\"data-secret\",t)),e.contentWindow.postMessage({message:\"ready\",secret:t},\"*\")},!1)))}(window,document);\n\/\/# sourceURL=https:\/\/www.eldiario.net\/portal\/wp-includes\/js\/wp-embed.min.js\n<\/script>\n","thumbnail_url":"https:\/\/www.eldiario.net\/portal\/wp-content\/uploads\/2024\/11\/P-2-10-cm-x-7.webp","thumbnail_width":696,"thumbnail_height":426,"description":"La hip\u00f3tesis de la venta de armamento b\u00e9lico que sostiene el Gobierno, no es cre\u00edble dijo el abogado de una de las v\u00edctimas del asesinato en Pucamayo, sino que sospecha que se trata de un tema vinculado con el narcotr\u00e1fico y duda que la Polic\u00eda capture a los dem\u00e1s sospechosos. &nbsp;"}