{"version":"1.0","provider_name":"El Diario - Bolivia","provider_url":"https:\/\/www.eldiario.net\/portal","title":"7,3 millones de ciudadanos habilitados para judiciales - El Diario - Bolivia","type":"rich","width":600,"height":338,"html":"<blockquote class=\"wp-embedded-content\" data-secret=\"NW1110LBR9\"><a href=\"https:\/\/www.eldiario.net\/portal\/2024\/10\/27\/73-millones-de-ciudadanos-habilitados-para-judiciales\/\">7,3 millones de ciudadanos  habilitados para judiciales<\/a><\/blockquote><iframe sandbox=\"allow-scripts\" security=\"restricted\" src=\"https:\/\/www.eldiario.net\/portal\/2024\/10\/27\/73-millones-de-ciudadanos-habilitados-para-judiciales\/embed\/#?secret=NW1110LBR9\" width=\"600\" height=\"338\" title=\"\u00ab7,3 millones de ciudadanos  habilitados para judiciales\u00bb \u2014 El Diario - Bolivia\" data-secret=\"NW1110LBR9\" frameborder=\"0\" marginwidth=\"0\" marginheight=\"0\" scrolling=\"no\" class=\"wp-embedded-content\"><\/iframe><script>\n\/*! This file is auto-generated *\/\n!function(d,l){\"use strict\";l.querySelector&&d.addEventListener&&\"undefined\"!=typeof URL&&(d.wp=d.wp||{},d.wp.receiveEmbedMessage||(d.wp.receiveEmbedMessage=function(e){var t=e.data;if((t||t.secret||t.message||t.value)&&!\/[^a-zA-Z0-9]\/.test(t.secret)){for(var s,r,n,a=l.querySelectorAll('iframe[data-secret=\"'+t.secret+'\"]'),o=l.querySelectorAll('blockquote[data-secret=\"'+t.secret+'\"]'),c=new RegExp(\"^https?:$\",\"i\"),i=0;i<o.length;i++)o[i].style.display=\"none\";for(i=0;i<a.length;i++)s=a[i],e.source===s.contentWindow&&(s.removeAttribute(\"style\"),\"height\"===t.message?(1e3<(r=parseInt(t.value,10))?r=1e3:~~r<200&&(r=200),s.height=r):\"link\"===t.message&&(r=new URL(s.getAttribute(\"src\")),n=new URL(t.value),c.test(n.protocol))&&n.host===r.host&&l.activeElement===s&&(d.top.location.href=t.value))}},d.addEventListener(\"message\",d.wp.receiveEmbedMessage,!1),l.addEventListener(\"DOMContentLoaded\",function(){for(var e,t,s=l.querySelectorAll(\"iframe.wp-embedded-content\"),r=0;r<s.length;r++)(t=(e=s[r]).getAttribute(\"data-secret\"))||(t=Math.random().toString(36).substring(2,12),e.src+=\"#?secret=\"+t,e.setAttribute(\"data-secret\",t)),e.contentWindow.postMessage({message:\"ready\",secret:t},\"*\")},!1)))}(window,document);\n\/\/# sourceURL=https:\/\/www.eldiario.net\/portal\/wp-includes\/js\/wp-embed.min.js\n<\/script>\n","thumbnail_url":"https:\/\/www.eldiario.net\/portal\/wp-content\/uploads\/2024\/10\/P-2-10-cm-x-7-3.jpeg","thumbnail_width":760,"thumbnail_height":472,"description":"Tras la entrega de la base de datos final del Padr\u00f3n Electoral Biom\u00e9trico, por parte del Servicio de Registro C\u00edvico (Serec\u00ed), se estableci\u00f3 que un total de 7.333.933 ciudadanos est\u00e1n habilitados para ejercer su derecho al voto el pr\u00f3ximo 1 de diciembre, en el marco de las elecciones para autoridades del \u00d3rgano Judicial y del [&hellip;]"}