{"version":"1.0","provider_name":"El Diario - Bolivia","provider_url":"https:\/\/www.eldiario.net\/portal","title":"Demuestre car\u00e1cter, \u201cse\u00f1or presidente\u201d - El Diario - Bolivia","type":"rich","width":600,"height":338,"html":"<blockquote class=\"wp-embedded-content\" data-secret=\"gpJUEjCk2Y\"><a href=\"https:\/\/www.eldiario.net\/portal\/2024\/09\/23\/demuestre-caracter-senor-presidente\/\">Demuestre car\u00e1cter, \u201cse\u00f1or presidente\u201d<\/a><\/blockquote><iframe sandbox=\"allow-scripts\" security=\"restricted\" src=\"https:\/\/www.eldiario.net\/portal\/2024\/09\/23\/demuestre-caracter-senor-presidente\/embed\/#?secret=gpJUEjCk2Y\" width=\"600\" height=\"338\" title=\"\u00abDemuestre car\u00e1cter, \u201cse\u00f1or presidente\u201d\u00bb \u2014 El Diario - Bolivia\" data-secret=\"gpJUEjCk2Y\" frameborder=\"0\" marginwidth=\"0\" marginheight=\"0\" scrolling=\"no\" class=\"wp-embedded-content\"><\/iframe><script>\n\/*! This file is auto-generated *\/\n!function(d,l){\"use strict\";l.querySelector&&d.addEventListener&&\"undefined\"!=typeof URL&&(d.wp=d.wp||{},d.wp.receiveEmbedMessage||(d.wp.receiveEmbedMessage=function(e){var t=e.data;if((t||t.secret||t.message||t.value)&&!\/[^a-zA-Z0-9]\/.test(t.secret)){for(var s,r,n,a=l.querySelectorAll('iframe[data-secret=\"'+t.secret+'\"]'),o=l.querySelectorAll('blockquote[data-secret=\"'+t.secret+'\"]'),c=new RegExp(\"^https?:$\",\"i\"),i=0;i<o.length;i++)o[i].style.display=\"none\";for(i=0;i<a.length;i++)s=a[i],e.source===s.contentWindow&&(s.removeAttribute(\"style\"),\"height\"===t.message?(1e3<(r=parseInt(t.value,10))?r=1e3:~~r<200&&(r=200),s.height=r):\"link\"===t.message&&(r=new URL(s.getAttribute(\"src\")),n=new URL(t.value),c.test(n.protocol))&&n.host===r.host&&l.activeElement===s&&(d.top.location.href=t.value))}},d.addEventListener(\"message\",d.wp.receiveEmbedMessage,!1),l.addEventListener(\"DOMContentLoaded\",function(){for(var e,t,s=l.querySelectorAll(\"iframe.wp-embedded-content\"),r=0;r<s.length;r++)(t=(e=s[r]).getAttribute(\"data-secret\"))||(t=Math.random().toString(36).substring(2,12),e.src+=\"#?secret=\"+t,e.setAttribute(\"data-secret\",t)),e.contentWindow.postMessage({message:\"ready\",secret:t},\"*\")},!1)))}(window,document);\n\/\/# sourceURL=https:\/\/www.eldiario.net\/portal\/wp-includes\/js\/wp-embed.min.js\n<\/script>\n","thumbnail_url":"https:\/\/www.eldiario.net\/portal\/wp-content\/uploads\/2023\/06\/Fabian-Freire.jpg","thumbnail_width":1200,"thumbnail_height":628,"description":"Evo Morales y todos sus adeptos est\u00e1n decididos a poner en jaque al nefasto gobierno de Luis Arce. Me queda claro que la \u201cmarcha para salvar Bolivia\u201d, si se considera un \u201c\u00e9xito\u201d, podr\u00eda significar el fin de un gobierno que hoy m\u00e1s que nunca est\u00e1 en la cuerda floja. La crisis econ\u00f3mica, las trabas legislativas, [&hellip;]"}