{"version":"1.0","provider_name":"El Diario - Bolivia","provider_url":"https:\/\/www.eldiario.net\/portal","title":"Prisi\u00f3n preventiva para funcionario de Diputados - El Diario - Bolivia","type":"rich","width":600,"height":338,"html":"<blockquote class=\"wp-embedded-content\" data-secret=\"yPmv9MHOuj\"><a href=\"https:\/\/www.eldiario.net\/portal\/2024\/07\/13\/prision-preventiva-para-funcionario-de-diputados\/\">Prisi\u00f3n preventiva para  funcionario de Diputados<\/a><\/blockquote><iframe sandbox=\"allow-scripts\" security=\"restricted\" src=\"https:\/\/www.eldiario.net\/portal\/2024\/07\/13\/prision-preventiva-para-funcionario-de-diputados\/embed\/#?secret=yPmv9MHOuj\" width=\"600\" height=\"338\" title=\"\u00abPrisi\u00f3n preventiva para  funcionario de Diputados\u00bb \u2014 El Diario - Bolivia\" data-secret=\"yPmv9MHOuj\" frameborder=\"0\" marginwidth=\"0\" marginheight=\"0\" scrolling=\"no\" class=\"wp-embedded-content\"><\/iframe><script>\n\/*! This file is auto-generated *\/\n!function(d,l){\"use strict\";l.querySelector&&d.addEventListener&&\"undefined\"!=typeof URL&&(d.wp=d.wp||{},d.wp.receiveEmbedMessage||(d.wp.receiveEmbedMessage=function(e){var t=e.data;if((t||t.secret||t.message||t.value)&&!\/[^a-zA-Z0-9]\/.test(t.secret)){for(var s,r,n,a=l.querySelectorAll('iframe[data-secret=\"'+t.secret+'\"]'),o=l.querySelectorAll('blockquote[data-secret=\"'+t.secret+'\"]'),c=new RegExp(\"^https?:$\",\"i\"),i=0;i<o.length;i++)o[i].style.display=\"none\";for(i=0;i<a.length;i++)s=a[i],e.source===s.contentWindow&&(s.removeAttribute(\"style\"),\"height\"===t.message?(1e3<(r=parseInt(t.value,10))?r=1e3:~~r<200&&(r=200),s.height=r):\"link\"===t.message&&(r=new URL(s.getAttribute(\"src\")),n=new URL(t.value),c.test(n.protocol))&&n.host===r.host&&l.activeElement===s&&(d.top.location.href=t.value))}},d.addEventListener(\"message\",d.wp.receiveEmbedMessage,!1),l.addEventListener(\"DOMContentLoaded\",function(){for(var e,t,s=l.querySelectorAll(\"iframe.wp-embedded-content\"),r=0;r<s.length;r++)(t=(e=s[r]).getAttribute(\"data-secret\"))||(t=Math.random().toString(36).substring(2,12),e.src+=\"#?secret=\"+t,e.setAttribute(\"data-secret\",t)),e.contentWindow.postMessage({message:\"ready\",secret:t},\"*\")},!1)))}(window,document);\n\/\/# sourceURL=https:\/\/www.eldiario.net\/portal\/wp-includes\/js\/wp-embed.min.js\n<\/script>\n","thumbnail_url":"https:\/\/www.eldiario.net\/portal\/wp-content\/uploads\/2024\/07\/soborno-Erbol.jpg","thumbnail_width":692,"thumbnail_height":428,"description":"El juez anticorrupci\u00f3n 16\u00ba de La Paz determin\u00f3 ayer enviar a la c\u00e1rcel de San Pedro con detenci\u00f3n preventiva al exfuncionario de la C\u00e1mara de Diputados, Joe S.P., quien fue detenido cuando ten\u00eda en la mano dinero que pretend\u00eda cobrar de un soborno. El plazo de la detenci\u00f3n preventiva es de cinco meses, mientras se [&hellip;]"}