{"version":"1.0","provider_name":"El Diario - Bolivia","provider_url":"https:\/\/www.eldiario.net\/portal","title":"LA DR\u00c1STICA DECISI\u00d3N DE ECUADOR - El Diario - Bolivia","type":"rich","width":600,"height":338,"html":"<blockquote class=\"wp-embedded-content\" data-secret=\"miBnBptB3U\"><a href=\"https:\/\/www.eldiario.net\/portal\/2024\/07\/06\/la-drastica-decision-de-ecuador\/\">LA DR\u00c1STICA DECISI\u00d3N DE ECUADOR<\/a><\/blockquote><iframe sandbox=\"allow-scripts\" security=\"restricted\" src=\"https:\/\/www.eldiario.net\/portal\/2024\/07\/06\/la-drastica-decision-de-ecuador\/embed\/#?secret=miBnBptB3U\" width=\"600\" height=\"338\" title=\"\u00abLA DR\u00c1STICA DECISI\u00d3N DE ECUADOR\u00bb \u2014 El Diario - Bolivia\" data-secret=\"miBnBptB3U\" frameborder=\"0\" marginwidth=\"0\" marginheight=\"0\" scrolling=\"no\" class=\"wp-embedded-content\"><\/iframe><script>\n\/*! This file is auto-generated *\/\n!function(d,l){\"use strict\";l.querySelector&&d.addEventListener&&\"undefined\"!=typeof URL&&(d.wp=d.wp||{},d.wp.receiveEmbedMessage||(d.wp.receiveEmbedMessage=function(e){var t=e.data;if((t||t.secret||t.message||t.value)&&!\/[^a-zA-Z0-9]\/.test(t.secret)){for(var s,r,n,a=l.querySelectorAll('iframe[data-secret=\"'+t.secret+'\"]'),o=l.querySelectorAll('blockquote[data-secret=\"'+t.secret+'\"]'),c=new RegExp(\"^https?:$\",\"i\"),i=0;i<o.length;i++)o[i].style.display=\"none\";for(i=0;i<a.length;i++)s=a[i],e.source===s.contentWindow&&(s.removeAttribute(\"style\"),\"height\"===t.message?(1e3<(r=parseInt(t.value,10))?r=1e3:~~r<200&&(r=200),s.height=r):\"link\"===t.message&&(r=new URL(s.getAttribute(\"src\")),n=new URL(t.value),c.test(n.protocol))&&n.host===r.host&&l.activeElement===s&&(d.top.location.href=t.value))}},d.addEventListener(\"message\",d.wp.receiveEmbedMessage,!1),l.addEventListener(\"DOMContentLoaded\",function(){for(var e,t,s=l.querySelectorAll(\"iframe.wp-embedded-content\"),r=0;r<s.length;r++)(t=(e=s[r]).getAttribute(\"data-secret\"))||(t=Math.random().toString(36).substring(2,12),e.src+=\"#?secret=\"+t,e.setAttribute(\"data-secret\",t)),e.contentWindow.postMessage({message:\"ready\",secret:t},\"*\")},!1)))}(window,document);\n\/\/# sourceURL=https:\/\/www.eldiario.net\/portal\/wp-includes\/js\/wp-embed.min.js\n<\/script>\n","thumbnail_url":"https:\/\/www.eldiario.net\/portal\/wp-content\/uploads\/2024\/07\/FOTO-22.jpg","thumbnail_width":384,"thumbnail_height":434,"description":"La Federaci\u00f3n Ecuatoriana de F\u00fatbol (FEF) anunci\u00f3 que el t\u00e9cnico espa\u00f1ol F\u00e9lix S\u00e1nchez Bas no continuar\u00e1 al frente de la selecci\u00f3n ecuatoriana. El comunicado fue emitido pasada la medianoche, poco despu\u00e9s de la eliminaci\u00f3n de la Tricolor en cuartos de final de la Copa Am\u00e9rica ante Argentina, tras una dolorosa tanda de penaltis. \u201cSe ha [&hellip;]"}