{"version":"1.0","provider_name":"El Diario - Bolivia","provider_url":"https:\/\/www.eldiario.net\/portal","title":"Haqu\u00edn ser\u00e1 el capit\u00e1n del onceno nacional - El Diario - Bolivia","type":"rich","width":600,"height":338,"html":"<blockquote class=\"wp-embedded-content\" data-secret=\"QXkpZwNfYP\"><a href=\"https:\/\/www.eldiario.net\/portal\/2024\/06\/08\/haquin-sera-el-capitan-del-onceno-nacional\/\">Haqu\u00edn ser\u00e1 el capit\u00e1n del onceno nacional<\/a><\/blockquote><iframe sandbox=\"allow-scripts\" security=\"restricted\" src=\"https:\/\/www.eldiario.net\/portal\/2024\/06\/08\/haquin-sera-el-capitan-del-onceno-nacional\/embed\/#?secret=QXkpZwNfYP\" width=\"600\" height=\"338\" title=\"\u00abHaqu\u00edn ser\u00e1 el capit\u00e1n del onceno nacional\u00bb \u2014 El Diario - Bolivia\" data-secret=\"QXkpZwNfYP\" frameborder=\"0\" marginwidth=\"0\" marginheight=\"0\" scrolling=\"no\" class=\"wp-embedded-content\"><\/iframe><script>\n\/*! This file is auto-generated *\/\n!function(d,l){\"use strict\";l.querySelector&&d.addEventListener&&\"undefined\"!=typeof URL&&(d.wp=d.wp||{},d.wp.receiveEmbedMessage||(d.wp.receiveEmbedMessage=function(e){var t=e.data;if((t||t.secret||t.message||t.value)&&!\/[^a-zA-Z0-9]\/.test(t.secret)){for(var s,r,n,a=l.querySelectorAll('iframe[data-secret=\"'+t.secret+'\"]'),o=l.querySelectorAll('blockquote[data-secret=\"'+t.secret+'\"]'),c=new RegExp(\"^https?:$\",\"i\"),i=0;i<o.length;i++)o[i].style.display=\"none\";for(i=0;i<a.length;i++)s=a[i],e.source===s.contentWindow&&(s.removeAttribute(\"style\"),\"height\"===t.message?(1e3<(r=parseInt(t.value,10))?r=1e3:~~r<200&&(r=200),s.height=r):\"link\"===t.message&&(r=new URL(s.getAttribute(\"src\")),n=new URL(t.value),c.test(n.protocol))&&n.host===r.host&&l.activeElement===s&&(d.top.location.href=t.value))}},d.addEventListener(\"message\",d.wp.receiveEmbedMessage,!1),l.addEventListener(\"DOMContentLoaded\",function(){for(var e,t,s=l.querySelectorAll(\"iframe.wp-embedded-content\"),r=0;r<s.length;r++)(t=(e=s[r]).getAttribute(\"data-secret\"))||(t=Math.random().toString(36).substring(2,12),e.src+=\"#?secret=\"+t,e.setAttribute(\"data-secret\",t)),e.contentWindow.postMessage({message:\"ready\",secret:t},\"*\")},!1)))}(window,document);\n\/\/# sourceURL=https:\/\/www.eldiario.net\/portal\/wp-includes\/js\/wp-embed.min.js\n<\/script>\n","thumbnail_url":"https:\/\/www.eldiario.net\/portal\/wp-content\/uploads\/2024\/06\/FOTO-23.jpg","thumbnail_width":300,"thumbnail_height":168,"description":"Luis Fernando Haqu\u00edn L\u00f3pez fue elegido por el cuerpo t\u00e9cnico y sus compa\u00f1eros como el capit\u00e1n de la Selecci\u00f3n Nacional para la participaci\u00f3n en la Copa Am\u00e9rica USA 2024, que comenzar\u00e1 para el cuadro verde en dos semanas, con el compromiso frente a los anfitriones. Esta ser\u00e1 la primera Copa que Bolivia jugar\u00e1 sin Marcelo [&hellip;]"}