{"version":"1.0","provider_name":"El Diario - Bolivia","provider_url":"https:\/\/www.eldiario.net\/portal","title":"\u201cSuperobra\u201d anunciada por Arias contin\u00faa postergada - El Diario - Bolivia","type":"rich","width":600,"height":338,"html":"<blockquote class=\"wp-embedded-content\" data-secret=\"5M969p8Q7J\"><a href=\"https:\/\/www.eldiario.net\/portal\/2024\/06\/02\/superobra-anunciada-por-arias-continua-postergada\/\">\u201cSuperobra\u201d anunciada por  Arias contin\u00faa postergada<\/a><\/blockquote><iframe sandbox=\"allow-scripts\" security=\"restricted\" src=\"https:\/\/www.eldiario.net\/portal\/2024\/06\/02\/superobra-anunciada-por-arias-continua-postergada\/embed\/#?secret=5M969p8Q7J\" width=\"600\" height=\"338\" title=\"\u00ab\u201cSuperobra\u201d anunciada por  Arias contin\u00faa postergada\u00bb \u2014 El Diario - Bolivia\" data-secret=\"5M969p8Q7J\" frameborder=\"0\" marginwidth=\"0\" marginheight=\"0\" scrolling=\"no\" class=\"wp-embedded-content\"><\/iframe><script>\n\/*! This file is auto-generated *\/\n!function(d,l){\"use strict\";l.querySelector&&d.addEventListener&&\"undefined\"!=typeof URL&&(d.wp=d.wp||{},d.wp.receiveEmbedMessage||(d.wp.receiveEmbedMessage=function(e){var t=e.data;if((t||t.secret||t.message||t.value)&&!\/[^a-zA-Z0-9]\/.test(t.secret)){for(var s,r,n,a=l.querySelectorAll('iframe[data-secret=\"'+t.secret+'\"]'),o=l.querySelectorAll('blockquote[data-secret=\"'+t.secret+'\"]'),c=new RegExp(\"^https?:$\",\"i\"),i=0;i<o.length;i++)o[i].style.display=\"none\";for(i=0;i<a.length;i++)s=a[i],e.source===s.contentWindow&&(s.removeAttribute(\"style\"),\"height\"===t.message?(1e3<(r=parseInt(t.value,10))?r=1e3:~~r<200&&(r=200),s.height=r):\"link\"===t.message&&(r=new URL(s.getAttribute(\"src\")),n=new URL(t.value),c.test(n.protocol))&&n.host===r.host&&l.activeElement===s&&(d.top.location.href=t.value))}},d.addEventListener(\"message\",d.wp.receiveEmbedMessage,!1),l.addEventListener(\"DOMContentLoaded\",function(){for(var e,t,s=l.querySelectorAll(\"iframe.wp-embedded-content\"),r=0;r<s.length;r++)(t=(e=s[r]).getAttribute(\"data-secret\"))||(t=Math.random().toString(36).substring(2,12),e.src+=\"#?secret=\"+t,e.setAttribute(\"data-secret\",t)),e.contentWindow.postMessage({message:\"ready\",secret:t},\"*\")},!1)))}(window,document);\n\/\/# sourceURL=https:\/\/www.eldiario.net\/portal\/wp-includes\/js\/wp-embed.min.js\n<\/script>\n","thumbnail_url":"https:\/\/www.eldiario.net\/portal\/wp-content\/uploads\/2024\/06\/F-1-Tata.jpg","thumbnail_width":1024,"thumbnail_height":576,"description":"En julio de 2021, el alcalde pace\u00f1o, Iv\u00e1n Arias, anunci\u00f3 la construcci\u00f3n de un monumento al Se\u00f1or Jes\u00fas del Gran Poder de m\u00e1s de 50 metros de altura, aunque no se identific\u00f3 el sitio donde deb\u00eda ser emplazado, la idea era que sea vistosa desde cualquier punto de la ciudad. En noviembre del mismo a\u00f1o [&hellip;]"}