{"version":"1.0","provider_name":"El Diario - Bolivia","provider_url":"https:\/\/www.eldiario.net\/portal","title":"Alte\u00f1os generan 850 toneladas de residuos - El Diario - Bolivia","type":"rich","width":600,"height":338,"html":"<blockquote class=\"wp-embedded-content\" data-secret=\"OHzLuk0UhP\"><a href=\"https:\/\/www.eldiario.net\/portal\/2024\/05\/18\/altenos-generan-850-toneladas-de-residuos\/\">Alte\u00f1os generan 850 toneladas de residuos<\/a><\/blockquote><iframe sandbox=\"allow-scripts\" security=\"restricted\" src=\"https:\/\/www.eldiario.net\/portal\/2024\/05\/18\/altenos-generan-850-toneladas-de-residuos\/embed\/#?secret=OHzLuk0UhP\" width=\"600\" height=\"338\" title=\"\u00abAlte\u00f1os generan 850 toneladas de residuos\u00bb \u2014 El Diario - Bolivia\" data-secret=\"OHzLuk0UhP\" frameborder=\"0\" marginwidth=\"0\" marginheight=\"0\" scrolling=\"no\" class=\"wp-embedded-content\"><\/iframe><script>\n\/*! This file is auto-generated *\/\n!function(d,l){\"use strict\";l.querySelector&&d.addEventListener&&\"undefined\"!=typeof URL&&(d.wp=d.wp||{},d.wp.receiveEmbedMessage||(d.wp.receiveEmbedMessage=function(e){var t=e.data;if((t||t.secret||t.message||t.value)&&!\/[^a-zA-Z0-9]\/.test(t.secret)){for(var s,r,n,a=l.querySelectorAll('iframe[data-secret=\"'+t.secret+'\"]'),o=l.querySelectorAll('blockquote[data-secret=\"'+t.secret+'\"]'),c=new RegExp(\"^https?:$\",\"i\"),i=0;i<o.length;i++)o[i].style.display=\"none\";for(i=0;i<a.length;i++)s=a[i],e.source===s.contentWindow&&(s.removeAttribute(\"style\"),\"height\"===t.message?(1e3<(r=parseInt(t.value,10))?r=1e3:~~r<200&&(r=200),s.height=r):\"link\"===t.message&&(r=new URL(s.getAttribute(\"src\")),n=new URL(t.value),c.test(n.protocol))&&n.host===r.host&&l.activeElement===s&&(d.top.location.href=t.value))}},d.addEventListener(\"message\",d.wp.receiveEmbedMessage,!1),l.addEventListener(\"DOMContentLoaded\",function(){for(var e,t,s=l.querySelectorAll(\"iframe.wp-embedded-content\"),r=0;r<s.length;r++)(t=(e=s[r]).getAttribute(\"data-secret\"))||(t=Math.random().toString(36).substring(2,12),e.src+=\"#?secret=\"+t,e.setAttribute(\"data-secret\",t)),e.contentWindow.postMessage({message:\"ready\",secret:t},\"*\")},!1)))}(window,document);\n\/\/# sourceURL=https:\/\/www.eldiario.net\/portal\/wp-includes\/js\/wp-embed.min.js\n<\/script>\n","thumbnail_url":"https:\/\/www.eldiario.net\/portal\/wp-content\/uploads\/2024\/05\/F2-residuos.jpg","thumbnail_width":1600,"thumbnail_height":1200,"description":"De acuerdo con la comuna alte\u00f1a, en esa urbe, al d\u00eda se genera unas 850 toneladas de residuos y muy poco de este es reciclado, por lo que la Alcald\u00eda organiz\u00f3 una feria del reciclaje donde promovi\u00f3 la pr\u00e1ctica de esta acci\u00f3n. \u201cAl d\u00eda, se genera aproximadamente 850 toneladas de todo la recolecci\u00f3n de residuos [&hellip;]"}