{"version":"1.0","provider_name":"El Diario - Bolivia","provider_url":"https:\/\/www.eldiario.net\/portal","title":"Elecci\u00f3n judicial avanza hacia atr\u00e1s - El Diario - Bolivia","type":"rich","width":600,"height":338,"html":"<blockquote class=\"wp-embedded-content\" data-secret=\"RaQQnk7Z6z\"><a href=\"https:\/\/www.eldiario.net\/portal\/2024\/04\/28\/eleccion-judicial-avanza-hacia-atras\/\">Elecci\u00f3n judicial avanza hacia atr\u00e1s<\/a><\/blockquote><iframe sandbox=\"allow-scripts\" security=\"restricted\" src=\"https:\/\/www.eldiario.net\/portal\/2024\/04\/28\/eleccion-judicial-avanza-hacia-atras\/embed\/#?secret=RaQQnk7Z6z\" width=\"600\" height=\"338\" title=\"\u00abElecci\u00f3n judicial avanza hacia atr\u00e1s\u00bb \u2014 El Diario - Bolivia\" data-secret=\"RaQQnk7Z6z\" frameborder=\"0\" marginwidth=\"0\" marginheight=\"0\" scrolling=\"no\" class=\"wp-embedded-content\"><\/iframe><script>\n\/*! This file is auto-generated *\/\n!function(d,l){\"use strict\";l.querySelector&&d.addEventListener&&\"undefined\"!=typeof URL&&(d.wp=d.wp||{},d.wp.receiveEmbedMessage||(d.wp.receiveEmbedMessage=function(e){var t=e.data;if((t||t.secret||t.message||t.value)&&!\/[^a-zA-Z0-9]\/.test(t.secret)){for(var s,r,n,a=l.querySelectorAll('iframe[data-secret=\"'+t.secret+'\"]'),o=l.querySelectorAll('blockquote[data-secret=\"'+t.secret+'\"]'),c=new RegExp(\"^https?:$\",\"i\"),i=0;i<o.length;i++)o[i].style.display=\"none\";for(i=0;i<a.length;i++)s=a[i],e.source===s.contentWindow&&(s.removeAttribute(\"style\"),\"height\"===t.message?(1e3<(r=parseInt(t.value,10))?r=1e3:~~r<200&&(r=200),s.height=r):\"link\"===t.message&&(r=new URL(s.getAttribute(\"src\")),n=new URL(t.value),c.test(n.protocol))&&n.host===r.host&&l.activeElement===s&&(d.top.location.href=t.value))}},d.addEventListener(\"message\",d.wp.receiveEmbedMessage,!1),l.addEventListener(\"DOMContentLoaded\",function(){for(var e,t,s=l.querySelectorAll(\"iframe.wp-embedded-content\"),r=0;r<s.length;r++)(t=(e=s[r]).getAttribute(\"data-secret\"))||(t=Math.random().toString(36).substring(2,12),e.src+=\"#?secret=\"+t,e.setAttribute(\"data-secret\",t)),e.contentWindow.postMessage({message:\"ready\",secret:t},\"*\")},!1)))}(window,document);\n\/\/# sourceURL=https:\/\/www.eldiario.net\/portal\/wp-includes\/js\/wp-embed.min.js\n<\/script>\n","thumbnail_url":"https:\/\/www.eldiario.net\/portal\/wp-content\/uploads\/2023\/12\/Editorial.jpg","thumbnail_width":800,"thumbnail_height":500,"description":"Hace un a\u00f1o debi\u00f3 haberse aprobado la ley que convoque a elecci\u00f3n de los m\u00e1s altos magistrados del \u00d3rgano Judicial del pa\u00eds, establecida por la Constituci\u00f3n Pol\u00edtica del Estado Plurinacional del a\u00f1o 2009, documento que fue resultado de cuestionadas sesiones de la Asamblea Constituyente que funcion\u00f3 en Sucre durante dos a\u00f1os anteriores. Sin embargo, esta [&hellip;]"}