{"version":"1.0","provider_name":"El Diario - Bolivia","provider_url":"https:\/\/www.eldiario.net\/portal","title":"Antonio Guterres exige a Ir\u00e1n desescalada urgente - El Diario - Bolivia","type":"rich","width":600,"height":338,"html":"<blockquote class=\"wp-embedded-content\" data-secret=\"lW5KbtqtqW\"><a href=\"https:\/\/www.eldiario.net\/portal\/2024\/04\/18\/antonio-guterres-exige-a-iran-desescalada-urgente\/\">Antonio Guterres exige a Ir\u00e1n desescalada urgente<\/a><\/blockquote><iframe sandbox=\"allow-scripts\" security=\"restricted\" src=\"https:\/\/www.eldiario.net\/portal\/2024\/04\/18\/antonio-guterres-exige-a-iran-desescalada-urgente\/embed\/#?secret=lW5KbtqtqW\" width=\"600\" height=\"338\" title=\"\u00abAntonio Guterres exige a Ir\u00e1n desescalada urgente\u00bb \u2014 El Diario - Bolivia\" data-secret=\"lW5KbtqtqW\" frameborder=\"0\" marginwidth=\"0\" marginheight=\"0\" scrolling=\"no\" class=\"wp-embedded-content\"><\/iframe><script>\n\/*! This file is auto-generated *\/\n!function(d,l){\"use strict\";l.querySelector&&d.addEventListener&&\"undefined\"!=typeof URL&&(d.wp=d.wp||{},d.wp.receiveEmbedMessage||(d.wp.receiveEmbedMessage=function(e){var t=e.data;if((t||t.secret||t.message||t.value)&&!\/[^a-zA-Z0-9]\/.test(t.secret)){for(var s,r,n,a=l.querySelectorAll('iframe[data-secret=\"'+t.secret+'\"]'),o=l.querySelectorAll('blockquote[data-secret=\"'+t.secret+'\"]'),c=new RegExp(\"^https?:$\",\"i\"),i=0;i<o.length;i++)o[i].style.display=\"none\";for(i=0;i<a.length;i++)s=a[i],e.source===s.contentWindow&&(s.removeAttribute(\"style\"),\"height\"===t.message?(1e3<(r=parseInt(t.value,10))?r=1e3:~~r<200&&(r=200),s.height=r):\"link\"===t.message&&(r=new URL(s.getAttribute(\"src\")),n=new URL(t.value),c.test(n.protocol))&&n.host===r.host&&l.activeElement===s&&(d.top.location.href=t.value))}},d.addEventListener(\"message\",d.wp.receiveEmbedMessage,!1),l.addEventListener(\"DOMContentLoaded\",function(){for(var e,t,s=l.querySelectorAll(\"iframe.wp-embedded-content\"),r=0;r<s.length;r++)(t=(e=s[r]).getAttribute(\"data-secret\"))||(t=Math.random().toString(36).substring(2,12),e.src+=\"#?secret=\"+t,e.setAttribute(\"data-secret\",t)),e.contentWindow.postMessage({message:\"ready\",secret:t},\"*\")},!1)))}(window,document);\n\/\/# sourceURL=https:\/\/www.eldiario.net\/portal\/wp-includes\/js\/wp-embed.min.js\n<\/script>\n","thumbnail_url":"https:\/\/www.eldiario.net\/portal\/wp-content\/uploads\/2024\/04\/ULTIMA-FOTO-2.jpg","thumbnail_width":1200,"thumbnail_height":800,"description":"El secretario general de las Naciones Unidas, Ant\u00f3nio Guterres, inst\u00f3 al ministro de Exteriores del r\u00e9gimen de Ir\u00e1n, Hosein Amirabdolahian, a una desescalada urgente de las tensiones, seg\u00fan inform\u00f3 el portavoz de la ONU, St\u00e9phane Dujarric, en conferencia de prensa. \u201c(El secretario general) reiter\u00f3 al ministro de Exteriores (iran\u00ed) los puntos que hab\u00eda se\u00f1alado en [&hellip;]"}