{"version":"1.0","provider_name":"El Diario - Bolivia","provider_url":"https:\/\/www.eldiario.net\/portal","title":"Santa Cruz recibi\u00f3 la Copa Sudamericana - El Diario - Bolivia","type":"rich","width":600,"height":338,"html":"<blockquote class=\"wp-embedded-content\" data-secret=\"1t93P2Z5v9\"><a href=\"https:\/\/www.eldiario.net\/portal\/2024\/04\/13\/santa-cruz-recibio-la-copa-sudamericana\/\">Santa Cruz  recibi\u00f3 la Copa Sudamericana<\/a><\/blockquote><iframe sandbox=\"allow-scripts\" security=\"restricted\" src=\"https:\/\/www.eldiario.net\/portal\/2024\/04\/13\/santa-cruz-recibio-la-copa-sudamericana\/embed\/#?secret=1t93P2Z5v9\" width=\"600\" height=\"338\" title=\"\u00abSanta Cruz  recibi\u00f3 la Copa Sudamericana\u00bb \u2014 El Diario - Bolivia\" data-secret=\"1t93P2Z5v9\" frameborder=\"0\" marginwidth=\"0\" marginheight=\"0\" scrolling=\"no\" class=\"wp-embedded-content\"><\/iframe><script>\n\/*! This file is auto-generated *\/\n!function(d,l){\"use strict\";l.querySelector&&d.addEventListener&&\"undefined\"!=typeof URL&&(d.wp=d.wp||{},d.wp.receiveEmbedMessage||(d.wp.receiveEmbedMessage=function(e){var t=e.data;if((t||t.secret||t.message||t.value)&&!\/[^a-zA-Z0-9]\/.test(t.secret)){for(var s,r,n,a=l.querySelectorAll('iframe[data-secret=\"'+t.secret+'\"]'),o=l.querySelectorAll('blockquote[data-secret=\"'+t.secret+'\"]'),c=new RegExp(\"^https?:$\",\"i\"),i=0;i<o.length;i++)o[i].style.display=\"none\";for(i=0;i<a.length;i++)s=a[i],e.source===s.contentWindow&&(s.removeAttribute(\"style\"),\"height\"===t.message?(1e3<(r=parseInt(t.value,10))?r=1e3:~~r<200&&(r=200),s.height=r):\"link\"===t.message&&(r=new URL(s.getAttribute(\"src\")),n=new URL(t.value),c.test(n.protocol))&&n.host===r.host&&l.activeElement===s&&(d.top.location.href=t.value))}},d.addEventListener(\"message\",d.wp.receiveEmbedMessage,!1),l.addEventListener(\"DOMContentLoaded\",function(){for(var e,t,s=l.querySelectorAll(\"iframe.wp-embedded-content\"),r=0;r<s.length;r++)(t=(e=s[r]).getAttribute(\"data-secret\"))||(t=Math.random().toString(36).substring(2,12),e.src+=\"#?secret=\"+t,e.setAttribute(\"data-secret\",t)),e.contentWindow.postMessage({message:\"ready\",secret:t},\"*\")},!1)))}(window,document);\n\/\/# sourceURL=https:\/\/www.eldiario.net\/portal\/wp-includes\/js\/wp-embed.min.js\n<\/script>\n","thumbnail_url":"https:\/\/www.eldiario.net\/portal\/wp-content\/uploads\/2024\/04\/FOTO-24.jpg","thumbnail_width":450,"thumbnail_height":403,"description":"SANTA CRUZ.- El presidente de la Federaci\u00f3n Boliviana de F\u00fatbol (FBF), Fernando Costa, ayer lleg\u00f3 procedente de Paraguay y dej\u00f3 en Santa Cruz de la Sierra, la Copa Sudamericana 2025, en forma simb\u00f3lica. El pasado mi\u00e9rcoles 10 de abril, la CONMEBOL determin\u00f3 que Santa Cruz de Sierra sea la sede que cobije la final de [&hellip;]"}