{"version":"1.0","provider_name":"El Diario - Bolivia","provider_url":"https:\/\/www.eldiario.net\/portal","title":"Comuna pace\u00f1a anuncia proyectos de ciclov\u00edas - El Diario - Bolivia","type":"rich","width":600,"height":338,"html":"<blockquote class=\"wp-embedded-content\" data-secret=\"qzRlnbR4wm\"><a href=\"https:\/\/www.eldiario.net\/portal\/2024\/04\/07\/comuna-pacena-anuncia-proyectos-de-ciclovias\/\">Comuna pace\u00f1a anuncia  proyectos de ciclov\u00edas<\/a><\/blockquote><iframe sandbox=\"allow-scripts\" security=\"restricted\" src=\"https:\/\/www.eldiario.net\/portal\/2024\/04\/07\/comuna-pacena-anuncia-proyectos-de-ciclovias\/embed\/#?secret=qzRlnbR4wm\" width=\"600\" height=\"338\" title=\"\u00abComuna pace\u00f1a anuncia  proyectos de ciclov\u00edas\u00bb \u2014 El Diario - Bolivia\" data-secret=\"qzRlnbR4wm\" frameborder=\"0\" marginwidth=\"0\" marginheight=\"0\" scrolling=\"no\" class=\"wp-embedded-content\"><\/iframe><script>\n\/*! This file is auto-generated *\/\n!function(d,l){\"use strict\";l.querySelector&&d.addEventListener&&\"undefined\"!=typeof URL&&(d.wp=d.wp||{},d.wp.receiveEmbedMessage||(d.wp.receiveEmbedMessage=function(e){var t=e.data;if((t||t.secret||t.message||t.value)&&!\/[^a-zA-Z0-9]\/.test(t.secret)){for(var s,r,n,a=l.querySelectorAll('iframe[data-secret=\"'+t.secret+'\"]'),o=l.querySelectorAll('blockquote[data-secret=\"'+t.secret+'\"]'),c=new RegExp(\"^https?:$\",\"i\"),i=0;i<o.length;i++)o[i].style.display=\"none\";for(i=0;i<a.length;i++)s=a[i],e.source===s.contentWindow&&(s.removeAttribute(\"style\"),\"height\"===t.message?(1e3<(r=parseInt(t.value,10))?r=1e3:~~r<200&&(r=200),s.height=r):\"link\"===t.message&&(r=new URL(s.getAttribute(\"src\")),n=new URL(t.value),c.test(n.protocol))&&n.host===r.host&&l.activeElement===s&&(d.top.location.href=t.value))}},d.addEventListener(\"message\",d.wp.receiveEmbedMessage,!1),l.addEventListener(\"DOMContentLoaded\",function(){for(var e,t,s=l.querySelectorAll(\"iframe.wp-embedded-content\"),r=0;r<s.length;r++)(t=(e=s[r]).getAttribute(\"data-secret\"))||(t=Math.random().toString(36).substring(2,12),e.src+=\"#?secret=\"+t,e.setAttribute(\"data-secret\",t)),e.contentWindow.postMessage({message:\"ready\",secret:t},\"*\")},!1)))}(window,document);\n\/\/# sourceURL=https:\/\/www.eldiario.net\/portal\/wp-includes\/js\/wp-embed.min.js\n<\/script>\n","thumbnail_url":"https:\/\/www.eldiario.net\/portal\/wp-content\/uploads\/2023\/12\/Nacional.jpg","thumbnail_width":800,"thumbnail_height":500,"description":"La comuna pace\u00f1a inform\u00f3 que con el fin de recuperar el atractivo de la urbe pace\u00f1a, brindar espacios adecuados y de mayor esparcimiento, se implementar\u00e1n proyectos de ciclov\u00edas en sitios estrat\u00e9gicos de la ciudad, adem\u00e1s de otras obras de infraestructura vial. El anuncio lo realiz\u00f3 el alcalde de La Paz, Iv\u00e1n Arias, durante la conmemoraci\u00f3n [&hellip;]"}