{"version":"1.0","provider_name":"El Diario - Bolivia","provider_url":"https:\/\/www.eldiario.net\/portal","title":"\u00bfQui\u00e9n es Sandra H\u00fcller? - El Diario - Bolivia","type":"rich","width":600,"height":338,"html":"<blockquote class=\"wp-embedded-content\" data-secret=\"cpGBUOjJc0\"><a href=\"https:\/\/www.eldiario.net\/portal\/2024\/02\/04\/quien-es-sandra-huller-2\/\">\u00bfQui\u00e9n es Sandra H\u00fcller?<\/a><\/blockquote><iframe sandbox=\"allow-scripts\" security=\"restricted\" src=\"https:\/\/www.eldiario.net\/portal\/2024\/02\/04\/quien-es-sandra-huller-2\/embed\/#?secret=cpGBUOjJc0\" width=\"600\" height=\"338\" title=\"\u00ab\u00bfQui\u00e9n es Sandra H\u00fcller?\u00bb \u2014 El Diario - Bolivia\" data-secret=\"cpGBUOjJc0\" frameborder=\"0\" marginwidth=\"0\" marginheight=\"0\" scrolling=\"no\" class=\"wp-embedded-content\"><\/iframe><script>\n\/*! This file is auto-generated *\/\n!function(d,l){\"use strict\";l.querySelector&&d.addEventListener&&\"undefined\"!=typeof URL&&(d.wp=d.wp||{},d.wp.receiveEmbedMessage||(d.wp.receiveEmbedMessage=function(e){var t=e.data;if((t||t.secret||t.message||t.value)&&!\/[^a-zA-Z0-9]\/.test(t.secret)){for(var s,r,n,a=l.querySelectorAll('iframe[data-secret=\"'+t.secret+'\"]'),o=l.querySelectorAll('blockquote[data-secret=\"'+t.secret+'\"]'),c=new RegExp(\"^https?:$\",\"i\"),i=0;i<o.length;i++)o[i].style.display=\"none\";for(i=0;i<a.length;i++)s=a[i],e.source===s.contentWindow&&(s.removeAttribute(\"style\"),\"height\"===t.message?(1e3<(r=parseInt(t.value,10))?r=1e3:~~r<200&&(r=200),s.height=r):\"link\"===t.message&&(r=new URL(s.getAttribute(\"src\")),n=new URL(t.value),c.test(n.protocol))&&n.host===r.host&&l.activeElement===s&&(d.top.location.href=t.value))}},d.addEventListener(\"message\",d.wp.receiveEmbedMessage,!1),l.addEventListener(\"DOMContentLoaded\",function(){for(var e,t,s=l.querySelectorAll(\"iframe.wp-embedded-content\"),r=0;r<s.length;r++)(t=(e=s[r]).getAttribute(\"data-secret\"))||(t=Math.random().toString(36).substring(2,12),e.src+=\"#?secret=\"+t,e.setAttribute(\"data-secret\",t)),e.contentWindow.postMessage({message:\"ready\",secret:t},\"*\")},!1)))}(window,document);\n\/\/# sourceURL=https:\/\/www.eldiario.net\/portal\/wp-includes\/js\/wp-embed.min.js\n<\/script>\n","thumbnail_url":"https:\/\/www.eldiario.net\/portal\/wp-content\/uploads\/2024\/02\/\u00bfQuien-es-Sandra-Huller-2.jpg","thumbnail_width":1555,"thumbnail_height":1167,"description":"\u00a1Te contamos todo sobre la actriz de Anatom\u00eda de una ca\u00edda! Sandra H\u00fcller naci\u00f3 el 30 de abril de 1978 en Alemania. Desde muy temprana edad, la joven estudi\u00f3 teatro en la Escuela de Artes Interpretativas Ernst Busch en Berl\u00edn. A partir de 1999, durante dos a\u00f1os, se dedic\u00f3 al arte de la interpretaci\u00f3n en [&hellip;]"}