{"version":"1.0","provider_name":"El Diario - Bolivia","provider_url":"https:\/\/www.eldiario.net\/portal","title":"Hungr\u00eda bloquea acuerdo de ayuda para ucranianos - El Diario - Bolivia","type":"rich","width":600,"height":338,"html":"<blockquote class=\"wp-embedded-content\" data-secret=\"aTt4gbTJ2s\"><a href=\"https:\/\/www.eldiario.net\/portal\/2023\/12\/16\/hungria-bloquea-acuerdo-de-ayuda-para-ucranianos\/\">Hungr\u00eda bloquea acuerdo de ayuda para ucranianos<\/a><\/blockquote><iframe sandbox=\"allow-scripts\" security=\"restricted\" src=\"https:\/\/www.eldiario.net\/portal\/2023\/12\/16\/hungria-bloquea-acuerdo-de-ayuda-para-ucranianos\/embed\/#?secret=aTt4gbTJ2s\" width=\"600\" height=\"338\" title=\"\u00abHungr\u00eda bloquea acuerdo de ayuda para ucranianos\u00bb \u2014 El Diario - Bolivia\" data-secret=\"aTt4gbTJ2s\" frameborder=\"0\" marginwidth=\"0\" marginheight=\"0\" scrolling=\"no\" class=\"wp-embedded-content\"><\/iframe><script>\n\/*! This file is auto-generated *\/\n!function(d,l){\"use strict\";l.querySelector&&d.addEventListener&&\"undefined\"!=typeof URL&&(d.wp=d.wp||{},d.wp.receiveEmbedMessage||(d.wp.receiveEmbedMessage=function(e){var t=e.data;if((t||t.secret||t.message||t.value)&&!\/[^a-zA-Z0-9]\/.test(t.secret)){for(var s,r,n,a=l.querySelectorAll('iframe[data-secret=\"'+t.secret+'\"]'),o=l.querySelectorAll('blockquote[data-secret=\"'+t.secret+'\"]'),c=new RegExp(\"^https?:$\",\"i\"),i=0;i<o.length;i++)o[i].style.display=\"none\";for(i=0;i<a.length;i++)s=a[i],e.source===s.contentWindow&&(s.removeAttribute(\"style\"),\"height\"===t.message?(1e3<(r=parseInt(t.value,10))?r=1e3:~~r<200&&(r=200),s.height=r):\"link\"===t.message&&(r=new URL(s.getAttribute(\"src\")),n=new URL(t.value),c.test(n.protocol))&&n.host===r.host&&l.activeElement===s&&(d.top.location.href=t.value))}},d.addEventListener(\"message\",d.wp.receiveEmbedMessage,!1),l.addEventListener(\"DOMContentLoaded\",function(){for(var e,t,s=l.querySelectorAll(\"iframe.wp-embedded-content\"),r=0;r<s.length;r++)(t=(e=s[r]).getAttribute(\"data-secret\"))||(t=Math.random().toString(36).substring(2,12),e.src+=\"#?secret=\"+t,e.setAttribute(\"data-secret\",t)),e.contentWindow.postMessage({message:\"ready\",secret:t},\"*\")},!1)))}(window,document);\n\/\/# sourceURL=https:\/\/www.eldiario.net\/portal\/wp-includes\/js\/wp-embed.min.js\n<\/script>\n","description":"Los l\u00edderes europeos acordaron empezar las conversaciones para la adhesi\u00f3n de Ucrania a la Uni\u00f3n Europea, en una medida que el presidente de ese pa\u00eds, Volod\u00edmir Zelenski, calific\u00f3 de \u201cvictoria\u201d, pero el grupo regional no pudo aprobar un paquete de ayuda crucial para Kyiv despu\u00e9s de que Hungr\u00eda lo bloqueara. El presidente del Consejo de [&hellip;]"}