{"version":"1.0","provider_name":"El Diario - Bolivia","provider_url":"https:\/\/www.eldiario.net\/portal","title":"Empresarios piden garant\u00edas para retorno de inversiones - El Diario - Bolivia","type":"rich","width":600,"height":338,"html":"<blockquote class=\"wp-embedded-content\" data-secret=\"dAQLhWg6O2\"><a href=\"https:\/\/www.eldiario.net\/portal\/2023\/12\/16\/empresarios-piden-garantias-para-retorno-de-inversiones\/\">Empresarios piden garant\u00edas para retorno de inversiones<\/a><\/blockquote><iframe sandbox=\"allow-scripts\" security=\"restricted\" src=\"https:\/\/www.eldiario.net\/portal\/2023\/12\/16\/empresarios-piden-garantias-para-retorno-de-inversiones\/embed\/#?secret=dAQLhWg6O2\" width=\"600\" height=\"338\" title=\"\u00abEmpresarios piden garant\u00edas para retorno de inversiones\u00bb \u2014 El Diario - Bolivia\" data-secret=\"dAQLhWg6O2\" frameborder=\"0\" marginwidth=\"0\" marginheight=\"0\" scrolling=\"no\" class=\"wp-embedded-content\"><\/iframe><script>\n\/*! This file is auto-generated *\/\n!function(d,l){\"use strict\";l.querySelector&&d.addEventListener&&\"undefined\"!=typeof URL&&(d.wp=d.wp||{},d.wp.receiveEmbedMessage||(d.wp.receiveEmbedMessage=function(e){var t=e.data;if((t||t.secret||t.message||t.value)&&!\/[^a-zA-Z0-9]\/.test(t.secret)){for(var s,r,n,a=l.querySelectorAll('iframe[data-secret=\"'+t.secret+'\"]'),o=l.querySelectorAll('blockquote[data-secret=\"'+t.secret+'\"]'),c=new RegExp(\"^https?:$\",\"i\"),i=0;i<o.length;i++)o[i].style.display=\"none\";for(i=0;i<a.length;i++)s=a[i],e.source===s.contentWindow&&(s.removeAttribute(\"style\"),\"height\"===t.message?(1e3<(r=parseInt(t.value,10))?r=1e3:~~r<200&&(r=200),s.height=r):\"link\"===t.message&&(r=new URL(s.getAttribute(\"src\")),n=new URL(t.value),c.test(n.protocol))&&n.host===r.host&&l.activeElement===s&&(d.top.location.href=t.value))}},d.addEventListener(\"message\",d.wp.receiveEmbedMessage,!1),l.addEventListener(\"DOMContentLoaded\",function(){for(var e,t,s=l.querySelectorAll(\"iframe.wp-embedded-content\"),r=0;r<s.length;r++)(t=(e=s[r]).getAttribute(\"data-secret\"))||(t=Math.random().toString(36).substring(2,12),e.src+=\"#?secret=\"+t,e.setAttribute(\"data-secret\",t)),e.contentWindow.postMessage({message:\"ready\",secret:t},\"*\")},!1)))}(window,document);\n\/\/# sourceURL=https:\/\/www.eldiario.net\/portal\/wp-includes\/js\/wp-embed.min.js\n<\/script>\n","thumbnail_url":"https:\/\/www.eldiario.net\/portal\/wp-content\/uploads\/2023\/12\/P-1-15-cm-x-10.jpeg","thumbnail_width":1280,"thumbnail_height":960,"description":"El comercio boliviano pasa por un mal momento, puntualiz\u00f3 el gerente General del Instituto Boliviano de Comercio Exterior (Ibce), Gary Rodr\u00edguez, quien al expresar su preocupaci\u00f3n, dijo que el empresario arriesga su inversi\u00f3n por el pa\u00eds y s\u00f3lo requiere que el Gobierno brinde las condiciones para asegurar el retorno del capital. \u201cNo se necesita cupos [&hellip;]"}