{"version":"1.0","provider_name":"El Diario - Bolivia","provider_url":"https:\/\/www.eldiario.net\/portal","title":"Azerbaiy\u00e1n albergar\u00e1 la cumbre COP29 de 2024 - El Diario - Bolivia","type":"rich","width":600,"height":338,"html":"<blockquote class=\"wp-embedded-content\" data-secret=\"3fmawS0Uei\"><a href=\"https:\/\/www.eldiario.net\/portal\/2023\/12\/10\/azerbaiyan-albergara-la-cumbre-cop29-de-2024\/\">Azerbaiy\u00e1n albergar\u00e1 la cumbre COP29 de 2024<\/a><\/blockquote><iframe sandbox=\"allow-scripts\" security=\"restricted\" src=\"https:\/\/www.eldiario.net\/portal\/2023\/12\/10\/azerbaiyan-albergara-la-cumbre-cop29-de-2024\/embed\/#?secret=3fmawS0Uei\" width=\"600\" height=\"338\" title=\"\u00abAzerbaiy\u00e1n albergar\u00e1 la cumbre COP29 de 2024\u00bb \u2014 El Diario - Bolivia\" data-secret=\"3fmawS0Uei\" frameborder=\"0\" marginwidth=\"0\" marginheight=\"0\" scrolling=\"no\" class=\"wp-embedded-content\"><\/iframe><script>\n\/*! This file is auto-generated *\/\n!function(d,l){\"use strict\";l.querySelector&&d.addEventListener&&\"undefined\"!=typeof URL&&(d.wp=d.wp||{},d.wp.receiveEmbedMessage||(d.wp.receiveEmbedMessage=function(e){var t=e.data;if((t||t.secret||t.message||t.value)&&!\/[^a-zA-Z0-9]\/.test(t.secret)){for(var s,r,n,a=l.querySelectorAll('iframe[data-secret=\"'+t.secret+'\"]'),o=l.querySelectorAll('blockquote[data-secret=\"'+t.secret+'\"]'),c=new RegExp(\"^https?:$\",\"i\"),i=0;i<o.length;i++)o[i].style.display=\"none\";for(i=0;i<a.length;i++)s=a[i],e.source===s.contentWindow&&(s.removeAttribute(\"style\"),\"height\"===t.message?(1e3<(r=parseInt(t.value,10))?r=1e3:~~r<200&&(r=200),s.height=r):\"link\"===t.message&&(r=new URL(s.getAttribute(\"src\")),n=new URL(t.value),c.test(n.protocol))&&n.host===r.host&&l.activeElement===s&&(d.top.location.href=t.value))}},d.addEventListener(\"message\",d.wp.receiveEmbedMessage,!1),l.addEventListener(\"DOMContentLoaded\",function(){for(var e,t,s=l.querySelectorAll(\"iframe.wp-embedded-content\"),r=0;r<s.length;r++)(t=(e=s[r]).getAttribute(\"data-secret\"))||(t=Math.random().toString(36).substring(2,12),e.src+=\"#?secret=\"+t,e.setAttribute(\"data-secret\",t)),e.contentWindow.postMessage({message:\"ready\",secret:t},\"*\")},!1)))}(window,document);\n\/\/# sourceURL=https:\/\/www.eldiario.net\/portal\/wp-includes\/js\/wp-embed.min.js\n<\/script>\n","description":"La conferencia clim\u00e1tica de Naciones Unidas del pr\u00f3ximo a\u00f1o, la COP29, se celebrar\u00e1 finalmente en Azerbaiy\u00e1n, otro Estado productor de petr\u00f3leo, mientras las conversaciones que se realizan actualmente en Dub\u00e1i se acercan a su fin. \u201cEstoy encantado de anunciar que existe un apoyo general a la candidatura de Azerbaiy\u00e1n para albergar la COP29\u201d, declar\u00f3 el [&hellip;]"}