{"version":"1.0","provider_name":"El Diario - Bolivia","provider_url":"https:\/\/www.eldiario.net\/portal","title":"Arcistas toman control de C\u00e1mara de Diputados - El Diario - Bolivia","type":"rich","width":600,"height":338,"html":"<blockquote class=\"wp-embedded-content\" data-secret=\"bx7hMKvCpM\"><a href=\"https:\/\/www.eldiario.net\/portal\/2023\/11\/04\/arcistas-toman-control-de-camara-de-diputados\/\">Arcistas toman control de C\u00e1mara de Diputados<\/a><\/blockquote><iframe sandbox=\"allow-scripts\" security=\"restricted\" src=\"https:\/\/www.eldiario.net\/portal\/2023\/11\/04\/arcistas-toman-control-de-camara-de-diputados\/embed\/#?secret=bx7hMKvCpM\" width=\"600\" height=\"338\" title=\"\u00abArcistas toman control de C\u00e1mara de Diputados\u00bb \u2014 El Diario - Bolivia\" data-secret=\"bx7hMKvCpM\" frameborder=\"0\" marginwidth=\"0\" marginheight=\"0\" scrolling=\"no\" class=\"wp-embedded-content\"><\/iframe><script>\n\/*! This file is auto-generated *\/\n!function(d,l){\"use strict\";l.querySelector&&d.addEventListener&&\"undefined\"!=typeof URL&&(d.wp=d.wp||{},d.wp.receiveEmbedMessage||(d.wp.receiveEmbedMessage=function(e){var t=e.data;if((t||t.secret||t.message||t.value)&&!\/[^a-zA-Z0-9]\/.test(t.secret)){for(var s,r,n,a=l.querySelectorAll('iframe[data-secret=\"'+t.secret+'\"]'),o=l.querySelectorAll('blockquote[data-secret=\"'+t.secret+'\"]'),c=new RegExp(\"^https?:$\",\"i\"),i=0;i<o.length;i++)o[i].style.display=\"none\";for(i=0;i<a.length;i++)s=a[i],e.source===s.contentWindow&&(s.removeAttribute(\"style\"),\"height\"===t.message?(1e3<(r=parseInt(t.value,10))?r=1e3:~~r<200&&(r=200),s.height=r):\"link\"===t.message&&(r=new URL(s.getAttribute(\"src\")),n=new URL(t.value),c.test(n.protocol))&&n.host===r.host&&l.activeElement===s&&(d.top.location.href=t.value))}},d.addEventListener(\"message\",d.wp.receiveEmbedMessage,!1),l.addEventListener(\"DOMContentLoaded\",function(){for(var e,t,s=l.querySelectorAll(\"iframe.wp-embedded-content\"),r=0;r<s.length;r++)(t=(e=s[r]).getAttribute(\"data-secret\"))||(t=Math.random().toString(36).substring(2,12),e.src+=\"#?secret=\"+t,e.setAttribute(\"data-secret\",t)),e.contentWindow.postMessage({message:\"ready\",secret:t},\"*\")},!1)))}(window,document);\n\/\/# sourceURL=https:\/\/www.eldiario.net\/portal\/wp-includes\/js\/wp-embed.min.js\n<\/script>\n","thumbnail_url":"https:\/\/www.eldiario.net\/portal\/wp-content\/uploads\/2023\/11\/P-1-10-cm-x-10-scaled-1.jpg","thumbnail_width":2560,"thumbnail_height":1931,"description":"Tras una sesi\u00f3n marcada por la divisi\u00f3n interna en las tres fuerzas pol\u00edticas, el diputado potosino, Israel Huaytari, del ala \u201carcista\u201d en el Movimiento al Socialismo (MAS) fue elegido como nuevo presidente de la C\u00e1mara de Diputados para la legislatura 2023-2024; mientras que en el Senado los bloques no defin\u00edan sus candidatos para la renovaci\u00f3n [&hellip;]"}