{"version":"1.0","provider_name":"El Diario - Bolivia","provider_url":"https:\/\/www.eldiario.net\/portal","title":"Acu\u00edferos de Santa Cruz no se tocan - El Diario - Bolivia","type":"rich","width":600,"height":338,"html":"<blockquote class=\"wp-embedded-content\" data-secret=\"bF4mej5Qj2\"><a href=\"https:\/\/www.eldiario.net\/portal\/2023\/10\/22\/acuiferos-de-santa-cruz-no-se-tocan\/\">Acu\u00edferos de Santa Cruz no se tocan<\/a><\/blockquote><iframe sandbox=\"allow-scripts\" security=\"restricted\" src=\"https:\/\/www.eldiario.net\/portal\/2023\/10\/22\/acuiferos-de-santa-cruz-no-se-tocan\/embed\/#?secret=bF4mej5Qj2\" width=\"600\" height=\"338\" title=\"\u00abAcu\u00edferos de Santa Cruz no se tocan\u00bb \u2014 El Diario - Bolivia\" data-secret=\"bF4mej5Qj2\" frameborder=\"0\" marginwidth=\"0\" marginheight=\"0\" scrolling=\"no\" class=\"wp-embedded-content\"><\/iframe><script>\n\/*! This file is auto-generated *\/\n!function(d,l){\"use strict\";l.querySelector&&d.addEventListener&&\"undefined\"!=typeof URL&&(d.wp=d.wp||{},d.wp.receiveEmbedMessage||(d.wp.receiveEmbedMessage=function(e){var t=e.data;if((t||t.secret||t.message||t.value)&&!\/[^a-zA-Z0-9]\/.test(t.secret)){for(var s,r,n,a=l.querySelectorAll('iframe[data-secret=\"'+t.secret+'\"]'),o=l.querySelectorAll('blockquote[data-secret=\"'+t.secret+'\"]'),c=new RegExp(\"^https?:$\",\"i\"),i=0;i<o.length;i++)o[i].style.display=\"none\";for(i=0;i<a.length;i++)s=a[i],e.source===s.contentWindow&&(s.removeAttribute(\"style\"),\"height\"===t.message?(1e3<(r=parseInt(t.value,10))?r=1e3:~~r<200&&(r=200),s.height=r):\"link\"===t.message&&(r=new URL(s.getAttribute(\"src\")),n=new URL(t.value),c.test(n.protocol))&&n.host===r.host&&l.activeElement===s&&(d.top.location.href=t.value))}},d.addEventListener(\"message\",d.wp.receiveEmbedMessage,!1),l.addEventListener(\"DOMContentLoaded\",function(){for(var e,t,s=l.querySelectorAll(\"iframe.wp-embedded-content\"),r=0;r<s.length;r++)(t=(e=s[r]).getAttribute(\"data-secret\"))||(t=Math.random().toString(36).substring(2,12),e.src+=\"#?secret=\"+t,e.setAttribute(\"data-secret\",t)),e.contentWindow.postMessage({message:\"ready\",secret:t},\"*\")},!1)))}(window,document);\n\/\/# sourceURL=https:\/\/www.eldiario.net\/portal\/wp-includes\/js\/wp-embed.min.js\n<\/script>\n","thumbnail_url":"https:\/\/www.eldiario.net\/portal\/wp-content\/uploads\/2023\/10\/P-3-10-cm-x-7-1.png","thumbnail_width":2400,"thumbnail_height":1110,"description":"El Tribunal Constitucional Plurinacional emiti\u00f3 la aclaraci\u00f3n, enmienda y complementaci\u00f3n solicitada por la Sentencia Constitucional 0076\/2023, la que establece la validez de las leyes departamentales de protecci\u00f3n del patrimonio natural en Santa Cruz. La asamble\u00edsta Paola Aguirre, destac\u00f3 la resoluci\u00f3n del TCP, considerando como una \u201cbuena noticia para Santa Cruz\u201d y enfatiz\u00f3 la importancia de [&hellip;]"}