{"version":"1.0","provider_name":"El Diario - Bolivia","provider_url":"https:\/\/www.eldiario.net\/portal","title":"V\u00e1ndalos causan da\u00f1os a veh\u00edculos - El Diario - Bolivia","type":"rich","width":600,"height":338,"html":"<blockquote class=\"wp-embedded-content\" data-secret=\"FWOcgGFJvV\"><a href=\"https:\/\/www.eldiario.net\/portal\/2022\/03\/02\/vandalos-causan-danos-a-vehiculos\/\">V\u00e1ndalos causan da\u00f1os a veh\u00edculos<\/a><\/blockquote><iframe sandbox=\"allow-scripts\" security=\"restricted\" src=\"https:\/\/www.eldiario.net\/portal\/2022\/03\/02\/vandalos-causan-danos-a-vehiculos\/embed\/#?secret=FWOcgGFJvV\" width=\"600\" height=\"338\" title=\"\u00abV\u00e1ndalos causan da\u00f1os a veh\u00edculos\u00bb \u2014 El Diario - Bolivia\" data-secret=\"FWOcgGFJvV\" frameborder=\"0\" marginwidth=\"0\" marginheight=\"0\" scrolling=\"no\" class=\"wp-embedded-content\"><\/iframe><script>\n\/*! This file is auto-generated *\/\n!function(d,l){\"use strict\";l.querySelector&&d.addEventListener&&\"undefined\"!=typeof URL&&(d.wp=d.wp||{},d.wp.receiveEmbedMessage||(d.wp.receiveEmbedMessage=function(e){var t=e.data;if((t||t.secret||t.message||t.value)&&!\/[^a-zA-Z0-9]\/.test(t.secret)){for(var s,r,n,a=l.querySelectorAll('iframe[data-secret=\"'+t.secret+'\"]'),o=l.querySelectorAll('blockquote[data-secret=\"'+t.secret+'\"]'),c=new RegExp(\"^https?:$\",\"i\"),i=0;i<o.length;i++)o[i].style.display=\"none\";for(i=0;i<a.length;i++)s=a[i],e.source===s.contentWindow&&(s.removeAttribute(\"style\"),\"height\"===t.message?(1e3<(r=parseInt(t.value,10))?r=1e3:~~r<200&&(r=200),s.height=r):\"link\"===t.message&&(r=new URL(s.getAttribute(\"src\")),n=new URL(t.value),c.test(n.protocol))&&n.host===r.host&&l.activeElement===s&&(d.top.location.href=t.value))}},d.addEventListener(\"message\",d.wp.receiveEmbedMessage,!1),l.addEventListener(\"DOMContentLoaded\",function(){for(var e,t,s=l.querySelectorAll(\"iframe.wp-embedded-content\"),r=0;r<s.length;r++)(t=(e=s[r]).getAttribute(\"data-secret\"))||(t=Math.random().toString(36).substring(2,12),e.src+=\"#?secret=\"+t,e.setAttribute(\"data-secret\",t)),e.contentWindow.postMessage({message:\"ready\",secret:t},\"*\")},!1)))}(window,document);\n\/\/# sourceURL=https:\/\/www.eldiario.net\/portal\/wp-includes\/js\/wp-embed.min.js\n<\/script>\n","thumbnail_url":"https:\/\/www.eldiario.net\/portal\/wp-content\/uploads\/2022\/03\/P-4.jpg","thumbnail_width":825,"thumbnail_height":520,"description":"Durante los d\u00edas de Carnaval hubo fiesta y alegr\u00eda, pero tambi\u00e9n personas que llevaron los d\u00edas festivos al exceso provocando da\u00f1os a terceros. Durante la ma\u00f1ana de ayer ocupantes de un motorizado denunciaron que un grupo de v\u00e1ndalos causaron da\u00f1os en su veh\u00edculo. En un video grabado desde el interior del rodado, se observa c\u00f3mo [&hellip;]"}