{"version":"1.0","provider_name":"El Diario - Bolivia","provider_url":"https:\/\/www.eldiario.net\/portal","title":"Ruiz: Gobierno ratifica predisposici\u00f3n al di\u00e1logo - El Diario - Bolivia","type":"rich","width":600,"height":338,"html":"<blockquote class=\"wp-embedded-content\" data-secret=\"po9YVkE6Vy\"><a href=\"https:\/\/www.eldiario.net\/portal\/2021\/11\/10\/ruiz-gobierno-ratifica-predisposicion-al-dialogo\/\">Ruiz: Gobierno ratifica  predisposici\u00f3n al di\u00e1logo<\/a><\/blockquote><iframe sandbox=\"allow-scripts\" security=\"restricted\" src=\"https:\/\/www.eldiario.net\/portal\/2021\/11\/10\/ruiz-gobierno-ratifica-predisposicion-al-dialogo\/embed\/#?secret=po9YVkE6Vy\" width=\"600\" height=\"338\" title=\"\u00abRuiz: Gobierno ratifica  predisposici\u00f3n al di\u00e1logo\u00bb \u2014 El Diario - Bolivia\" data-secret=\"po9YVkE6Vy\" frameborder=\"0\" marginwidth=\"0\" marginheight=\"0\" scrolling=\"no\" class=\"wp-embedded-content\"><\/iframe><script>\n\/*! This file is auto-generated *\/\n!function(d,l){\"use strict\";l.querySelector&&d.addEventListener&&\"undefined\"!=typeof URL&&(d.wp=d.wp||{},d.wp.receiveEmbedMessage||(d.wp.receiveEmbedMessage=function(e){var t=e.data;if((t||t.secret||t.message||t.value)&&!\/[^a-zA-Z0-9]\/.test(t.secret)){for(var s,r,n,a=l.querySelectorAll('iframe[data-secret=\"'+t.secret+'\"]'),o=l.querySelectorAll('blockquote[data-secret=\"'+t.secret+'\"]'),c=new RegExp(\"^https?:$\",\"i\"),i=0;i<o.length;i++)o[i].style.display=\"none\";for(i=0;i<a.length;i++)s=a[i],e.source===s.contentWindow&&(s.removeAttribute(\"style\"),\"height\"===t.message?(1e3<(r=parseInt(t.value,10))?r=1e3:~~r<200&&(r=200),s.height=r):\"link\"===t.message&&(r=new URL(s.getAttribute(\"src\")),n=new URL(t.value),c.test(n.protocol))&&n.host===r.host&&l.activeElement===s&&(d.top.location.href=t.value))}},d.addEventListener(\"message\",d.wp.receiveEmbedMessage,!1),l.addEventListener(\"DOMContentLoaded\",function(){for(var e,t,s=l.querySelectorAll(\"iframe.wp-embedded-content\"),r=0;r<s.length;r++)(t=(e=s[r]).getAttribute(\"data-secret\"))||(t=Math.random().toString(36).substring(2,12),e.src+=\"#?secret=\"+t,e.setAttribute(\"data-secret\",t)),e.contentWindow.postMessage({message:\"ready\",secret:t},\"*\")},!1)))}(window,document);\n\/\/# sourceURL=https:\/\/www.eldiario.net\/portal\/wp-includes\/js\/wp-embed.min.js\n<\/script>\n","description":"Ante el paro indefinido convocado por c\u00edvicos cruce\u00f1os y pol\u00edticos de oposici\u00f3n, el Gobierno ratifica su predisposici\u00f3n de di\u00e1logo con sectores que se sienten afectados por la Ley 1386, sostuvo ayer el viceministro de Autonom\u00edas, \u00c1lvaro Ruiz. \u201cEl Gobierno ha manifestado todo el esp\u00edritu de di\u00e1logo, y esperamos que as\u00ed sea, para aclarar sobre la [&hellip;]"}