{"version":"1.0","provider_name":"El Diario - Bolivia","provider_url":"https:\/\/www.eldiario.net\/portal","title":"Extrabajadores bloquean l\u00ednea ferroviaria de carb\u00f3n - El Diario - Bolivia","type":"rich","width":600,"height":338,"html":"<blockquote class=\"wp-embedded-content\" data-secret=\"iV20KQK1a1\"><a href=\"https:\/\/www.eldiario.net\/portal\/2021\/06\/04\/extrabajadores-bloquean-linea-ferroviaria-de-carbon\/\">Extrabajadores bloquean  l\u00ednea ferroviaria de carb\u00f3n<\/a><\/blockquote><iframe sandbox=\"allow-scripts\" security=\"restricted\" src=\"https:\/\/www.eldiario.net\/portal\/2021\/06\/04\/extrabajadores-bloquean-linea-ferroviaria-de-carbon\/embed\/#?secret=iV20KQK1a1\" width=\"600\" height=\"338\" title=\"\u00abExtrabajadores bloquean  l\u00ednea ferroviaria de carb\u00f3n\u00bb \u2014 El Diario - Bolivia\" data-secret=\"iV20KQK1a1\" frameborder=\"0\" marginwidth=\"0\" marginheight=\"0\" scrolling=\"no\" class=\"wp-embedded-content\"><\/iframe><script>\n\/*! This file is auto-generated *\/\n!function(d,l){\"use strict\";l.querySelector&&d.addEventListener&&\"undefined\"!=typeof URL&&(d.wp=d.wp||{},d.wp.receiveEmbedMessage||(d.wp.receiveEmbedMessage=function(e){var t=e.data;if((t||t.secret||t.message||t.value)&&!\/[^a-zA-Z0-9]\/.test(t.secret)){for(var s,r,n,a=l.querySelectorAll('iframe[data-secret=\"'+t.secret+'\"]'),o=l.querySelectorAll('blockquote[data-secret=\"'+t.secret+'\"]'),c=new RegExp(\"^https?:$\",\"i\"),i=0;i<o.length;i++)o[i].style.display=\"none\";for(i=0;i<a.length;i++)s=a[i],e.source===s.contentWindow&&(s.removeAttribute(\"style\"),\"height\"===t.message?(1e3<(r=parseInt(t.value,10))?r=1e3:~~r<200&&(r=200),s.height=r):\"link\"===t.message&&(r=new URL(s.getAttribute(\"src\")),n=new URL(t.value),c.test(n.protocol))&&n.host===r.host&&l.activeElement===s&&(d.top.location.href=t.value))}},d.addEventListener(\"message\",d.wp.receiveEmbedMessage,!1),l.addEventListener(\"DOMContentLoaded\",function(){for(var e,t,s=l.querySelectorAll(\"iframe.wp-embedded-content\"),r=0;r<s.length;r++)(t=(e=s[r]).getAttribute(\"data-secret\"))||(t=Math.random().toString(36).substring(2,12),e.src+=\"#?secret=\"+t,e.setAttribute(\"data-secret\",t)),e.contentWindow.postMessage({message:\"ready\",secret:t},\"*\")},!1)))}(window,document);\n\/\/# sourceURL=https:\/\/www.eldiario.net\/portal\/wp-includes\/js\/wp-embed.min.js\n<\/script>\n","thumbnail_url":"https:\/\/www.eldiario.net\/portal\/wp-content\/uploads\/2021\/06\/Bloqueo-Colombia-scaled-1.jpg","thumbnail_width":2560,"thumbnail_height":1621,"description":"Bogot\u00e1.- Extrabajadores de la mina colombiana de carb\u00f3n Cerrej\u00f3n bloquearon nuevamente la l\u00ednea ferroviaria que utiliza la compa\u00f1\u00eda, inform\u00f3 este jueves la minera, en la \u00faltima protesta reciente que afecta sus operaciones. Cerrej\u00f3n, propiedad conjunta de BHP Group, Anglo American PLC y Glencore PLC, enfrenta repetidos desacuerdos con las comunidades ind\u00edgenas Wayuu cercanas a la [&hellip;]"}