{"version":"1.0","provider_name":"El Diario - Bolivia","provider_url":"https:\/\/www.eldiario.net\/portal","title":"Iglesia Cat\u00f3lica recibi\u00f3 cuestionario de la Fiscal\u00eda - El Diario - Bolivia","type":"rich","width":600,"height":338,"html":"<blockquote class=\"wp-embedded-content\" data-secret=\"1TluiDUn7R\"><a href=\"https:\/\/www.eldiario.net\/portal\/2021\/05\/29\/iglesia-catolica-recibio-cuestionario-de-la-fiscalia\/\">Iglesia Cat\u00f3lica recibi\u00f3  cuestionario de la Fiscal\u00eda<\/a><\/blockquote><iframe sandbox=\"allow-scripts\" security=\"restricted\" src=\"https:\/\/www.eldiario.net\/portal\/2021\/05\/29\/iglesia-catolica-recibio-cuestionario-de-la-fiscalia\/embed\/#?secret=1TluiDUn7R\" width=\"600\" height=\"338\" title=\"\u00abIglesia Cat\u00f3lica recibi\u00f3  cuestionario de la Fiscal\u00eda\u00bb \u2014 El Diario - Bolivia\" data-secret=\"1TluiDUn7R\" frameborder=\"0\" marginwidth=\"0\" marginheight=\"0\" scrolling=\"no\" class=\"wp-embedded-content\"><\/iframe><script>\n\/*! This file is auto-generated *\/\n!function(d,l){\"use strict\";l.querySelector&&d.addEventListener&&\"undefined\"!=typeof URL&&(d.wp=d.wp||{},d.wp.receiveEmbedMessage||(d.wp.receiveEmbedMessage=function(e){var t=e.data;if((t||t.secret||t.message||t.value)&&!\/[^a-zA-Z0-9]\/.test(t.secret)){for(var s,r,n,a=l.querySelectorAll('iframe[data-secret=\"'+t.secret+'\"]'),o=l.querySelectorAll('blockquote[data-secret=\"'+t.secret+'\"]'),c=new RegExp(\"^https?:$\",\"i\"),i=0;i<o.length;i++)o[i].style.display=\"none\";for(i=0;i<a.length;i++)s=a[i],e.source===s.contentWindow&&(s.removeAttribute(\"style\"),\"height\"===t.message?(1e3<(r=parseInt(t.value,10))?r=1e3:~~r<200&&(r=200),s.height=r):\"link\"===t.message&&(r=new URL(s.getAttribute(\"src\")),n=new URL(t.value),c.test(n.protocol))&&n.host===r.host&&l.activeElement===s&&(d.top.location.href=t.value))}},d.addEventListener(\"message\",d.wp.receiveEmbedMessage,!1),l.addEventListener(\"DOMContentLoaded\",function(){for(var e,t,s=l.querySelectorAll(\"iframe.wp-embedded-content\"),r=0;r<s.length;r++)(t=(e=s[r]).getAttribute(\"data-secret\"))||(t=Math.random().toString(36).substring(2,12),e.src+=\"#?secret=\"+t,e.setAttribute(\"data-secret\",t)),e.contentWindow.postMessage({message:\"ready\",secret:t},\"*\")},!1)))}(window,document);\n\/\/# sourceURL=https:\/\/www.eldiario.net\/portal\/wp-includes\/js\/wp-embed.min.js\n<\/script>\n","thumbnail_url":"https:\/\/www.eldiario.net\/portal\/wp-content\/uploads\/2021\/05\/IGLESIA.png","thumbnail_width":1197,"thumbnail_height":635,"description":"La Conferencia Episcopal Boliviana (CEB) inform\u00f3 ayer que la Fiscal\u00eda envi\u00f3 un cuestionario \u201csobre el rol que cumpli\u00f3 la Iglesia Cat\u00f3lica en el proceso de pacificaci\u00f3n en el pa\u00eds\u201d, durante los conflictos poselectorales de 2019 y el proceso de pacificaci\u00f3n del pa\u00eds, inform\u00f3 el presidente de esa instancia, Ricardo Centellas. Aclar\u00f3 que el enfoque principal [&hellip;]"}