{"version":"1.0","provider_name":"El Diario - Bolivia","provider_url":"https:\/\/www.eldiario.net\/portal","title":"Eval\u00faan \u00e1reas afectadas por fen\u00f3menos clim\u00e1ticos - El Diario - Bolivia","type":"rich","width":600,"height":338,"html":"<blockquote class=\"wp-embedded-content\" data-secret=\"LHXfkR1fp5\"><a href=\"https:\/\/www.eldiario.net\/portal\/2021\/05\/28\/evaluan-areas-afectadas-por-fenomenos-climaticos\/\">Eval\u00faan \u00e1reas afectadas por fen\u00f3menos clim\u00e1ticos<\/a><\/blockquote><iframe sandbox=\"allow-scripts\" security=\"restricted\" src=\"https:\/\/www.eldiario.net\/portal\/2021\/05\/28\/evaluan-areas-afectadas-por-fenomenos-climaticos\/embed\/#?secret=LHXfkR1fp5\" width=\"600\" height=\"338\" title=\"\u00abEval\u00faan \u00e1reas afectadas por fen\u00f3menos clim\u00e1ticos\u00bb \u2014 El Diario - Bolivia\" data-secret=\"LHXfkR1fp5\" frameborder=\"0\" marginwidth=\"0\" marginheight=\"0\" scrolling=\"no\" class=\"wp-embedded-content\"><\/iframe><script>\n\/*! This file is auto-generated *\/\n!function(d,l){\"use strict\";l.querySelector&&d.addEventListener&&\"undefined\"!=typeof URL&&(d.wp=d.wp||{},d.wp.receiveEmbedMessage||(d.wp.receiveEmbedMessage=function(e){var t=e.data;if((t||t.secret||t.message||t.value)&&!\/[^a-zA-Z0-9]\/.test(t.secret)){for(var s,r,n,a=l.querySelectorAll('iframe[data-secret=\"'+t.secret+'\"]'),o=l.querySelectorAll('blockquote[data-secret=\"'+t.secret+'\"]'),c=new RegExp(\"^https?:$\",\"i\"),i=0;i<o.length;i++)o[i].style.display=\"none\";for(i=0;i<a.length;i++)s=a[i],e.source===s.contentWindow&&(s.removeAttribute(\"style\"),\"height\"===t.message?(1e3<(r=parseInt(t.value,10))?r=1e3:~~r<200&&(r=200),s.height=r):\"link\"===t.message&&(r=new URL(s.getAttribute(\"src\")),n=new URL(t.value),c.test(n.protocol))&&n.host===r.host&&l.activeElement===s&&(d.top.location.href=t.value))}},d.addEventListener(\"message\",d.wp.receiveEmbedMessage,!1),l.addEventListener(\"DOMContentLoaded\",function(){for(var e,t,s=l.querySelectorAll(\"iframe.wp-embedded-content\"),r=0;r<s.length;r++)(t=(e=s[r]).getAttribute(\"data-secret\"))||(t=Math.random().toString(36).substring(2,12),e.src+=\"#?secret=\"+t,e.setAttribute(\"data-secret\",t)),e.contentWindow.postMessage({message:\"ready\",secret:t},\"*\")},!1)))}(window,document);\n\/\/# sourceURL=https:\/\/www.eldiario.net\/portal\/wp-includes\/js\/wp-embed.min.js\n<\/script>\n","description":"Los t\u00e9cnicos del Instituto del Seguro Agrario (INSA) realizan trabajos de verificaci\u00f3n y evaluaci\u00f3n de posibles afectaciones de cultivos a consecuencia de fen\u00f3menos clim\u00e1ticos, en el marco de la Ley de Revoluci\u00f3n Productiva Comunitaria (Ley 144), que en sus art\u00edculos del 30 al 35 define la aplicaci\u00f3n del Seguro Agrario Universal \u201cPachamama\u201d, inform\u00f3 el director [&hellip;]"}