{"version":"1.0","provider_name":"El Diario - Bolivia","provider_url":"https:\/\/www.eldiario.net\/portal","title":"Gobernaci\u00f3n retira acusaci\u00f3n contra Fern\u00e1ndez - El Diario - Bolivia","type":"rich","width":600,"height":338,"html":"<blockquote class=\"wp-embedded-content\" data-secret=\"QUCNKprWxE\"><a href=\"https:\/\/www.eldiario.net\/portal\/2021\/05\/26\/gobernacion-retira-acusacion-contra-fernandez\/\">Gobernaci\u00f3n retira acusaci\u00f3n contra Fern\u00e1ndez<\/a><\/blockquote><iframe sandbox=\"allow-scripts\" security=\"restricted\" src=\"https:\/\/www.eldiario.net\/portal\/2021\/05\/26\/gobernacion-retira-acusacion-contra-fernandez\/embed\/#?secret=QUCNKprWxE\" width=\"600\" height=\"338\" title=\"\u00abGobernaci\u00f3n retira acusaci\u00f3n contra Fern\u00e1ndez\u00bb \u2014 El Diario - Bolivia\" data-secret=\"QUCNKprWxE\" frameborder=\"0\" marginwidth=\"0\" marginheight=\"0\" scrolling=\"no\" class=\"wp-embedded-content\"><\/iframe><script>\n\/*! This file is auto-generated *\/\n!function(d,l){\"use strict\";l.querySelector&&d.addEventListener&&\"undefined\"!=typeof URL&&(d.wp=d.wp||{},d.wp.receiveEmbedMessage||(d.wp.receiveEmbedMessage=function(e){var t=e.data;if((t||t.secret||t.message||t.value)&&!\/[^a-zA-Z0-9]\/.test(t.secret)){for(var s,r,n,a=l.querySelectorAll('iframe[data-secret=\"'+t.secret+'\"]'),o=l.querySelectorAll('blockquote[data-secret=\"'+t.secret+'\"]'),c=new RegExp(\"^https?:$\",\"i\"),i=0;i<o.length;i++)o[i].style.display=\"none\";for(i=0;i<a.length;i++)s=a[i],e.source===s.contentWindow&&(s.removeAttribute(\"style\"),\"height\"===t.message?(1e3<(r=parseInt(t.value,10))?r=1e3:~~r<200&&(r=200),s.height=r):\"link\"===t.message&&(r=new URL(s.getAttribute(\"src\")),n=new URL(t.value),c.test(n.protocol))&&n.host===r.host&&l.activeElement===s&&(d.top.location.href=t.value))}},d.addEventListener(\"message\",d.wp.receiveEmbedMessage,!1),l.addEventListener(\"DOMContentLoaded\",function(){for(var e,t,s=l.querySelectorAll(\"iframe.wp-embedded-content\"),r=0;r<s.length;r++)(t=(e=s[r]).getAttribute(\"data-secret\"))||(t=Math.random().toString(36).substring(2,12),e.src+=\"#?secret=\"+t,e.setAttribute(\"data-secret\",t)),e.contentWindow.postMessage({message:\"ready\",secret:t},\"*\")},!1)))}(window,document);\n\/\/# sourceURL=https:\/\/www.eldiario.net\/portal\/wp-includes\/js\/wp-embed.min.js\n<\/script>\n","thumbnail_url":"https:\/\/www.eldiario.net\/portal\/wp-content\/uploads\/2021\/05\/P-2-10.jpg","thumbnail_width":692,"thumbnail_height":434,"description":"Por medio de un memorial, el Gobernador de La Paz, Santos Quispe, retir\u00f3 la \u00faltima acusaci\u00f3n particular que se ten\u00eda en el caso del beb\u00e9 Alexander, contra los m\u00e9dicos Jhiery Fern\u00e1ndez, Sandra Madeni y la enfermera Lola Rodr\u00edguez, con lo que, sin acusadores, el juicio podr\u00eda concluir en las siguientes horas. La abogada de la [&hellip;]"}