{"version":"1.0","provider_name":"El Diario - Bolivia","provider_url":"https:\/\/www.eldiario.net\/portal","title":"Comienza aplicaci\u00f3n de segunda dosis de Pfizer - El Diario - Bolivia","type":"rich","width":600,"height":338,"html":"<blockquote class=\"wp-embedded-content\" data-secret=\"QwYLZ9xirG\"><a href=\"https:\/\/www.eldiario.net\/portal\/2021\/05\/26\/comienza-aplicacion-de-segunda-dosis-de-pfizer\/\">Comienza aplicaci\u00f3n de segunda dosis de Pfizer<\/a><\/blockquote><iframe sandbox=\"allow-scripts\" security=\"restricted\" src=\"https:\/\/www.eldiario.net\/portal\/2021\/05\/26\/comienza-aplicacion-de-segunda-dosis-de-pfizer\/embed\/#?secret=QwYLZ9xirG\" width=\"600\" height=\"338\" title=\"\u00abComienza aplicaci\u00f3n de segunda dosis de Pfizer\u00bb \u2014 El Diario - Bolivia\" data-secret=\"QwYLZ9xirG\" frameborder=\"0\" marginwidth=\"0\" marginheight=\"0\" scrolling=\"no\" class=\"wp-embedded-content\"><\/iframe><script>\n\/*! This file is auto-generated *\/\n!function(d,l){\"use strict\";l.querySelector&&d.addEventListener&&\"undefined\"!=typeof URL&&(d.wp=d.wp||{},d.wp.receiveEmbedMessage||(d.wp.receiveEmbedMessage=function(e){var t=e.data;if((t||t.secret||t.message||t.value)&&!\/[^a-zA-Z0-9]\/.test(t.secret)){for(var s,r,n,a=l.querySelectorAll('iframe[data-secret=\"'+t.secret+'\"]'),o=l.querySelectorAll('blockquote[data-secret=\"'+t.secret+'\"]'),c=new RegExp(\"^https?:$\",\"i\"),i=0;i<o.length;i++)o[i].style.display=\"none\";for(i=0;i<a.length;i++)s=a[i],e.source===s.contentWindow&&(s.removeAttribute(\"style\"),\"height\"===t.message?(1e3<(r=parseInt(t.value,10))?r=1e3:~~r<200&&(r=200),s.height=r):\"link\"===t.message&&(r=new URL(s.getAttribute(\"src\")),n=new URL(t.value),c.test(n.protocol))&&n.host===r.host&&l.activeElement===s&&(d.top.location.href=t.value))}},d.addEventListener(\"message\",d.wp.receiveEmbedMessage,!1),l.addEventListener(\"DOMContentLoaded\",function(){for(var e,t,s=l.querySelectorAll(\"iframe.wp-embedded-content\"),r=0;r<s.length;r++)(t=(e=s[r]).getAttribute(\"data-secret\"))||(t=Math.random().toString(36).substring(2,12),e.src+=\"#?secret=\"+t,e.setAttribute(\"data-secret\",t)),e.contentWindow.postMessage({message:\"ready\",secret:t},\"*\")},!1)))}(window,document);\n\/\/# sourceURL=https:\/\/www.eldiario.net\/portal\/wp-includes\/js\/wp-embed.min.js\n<\/script>\n","description":"La responsable departamental del Programa Ampliado de Inmunizaci\u00f3n (PAI), Peggy Ib\u00e1\u00f1ez, inform\u00f3 que desde hoy comenzar\u00e1n en La Paz con la aplicaci\u00f3n de la segunda dosis de la vacuna Pfizer contra el covid-19. \u201cIndicar que desde ma\u00f1ana (hoy) empezamos con la (aplicaci\u00f3n) segunda dosis de la vacuna Pfizer\u201d, asegur\u00f3. Explic\u00f3 que en los puntos de [&hellip;]"}