{"version":"1.0","provider_name":"El Diario - Bolivia","provider_url":"https:\/\/www.eldiario.net\/portal","title":"Advierten \u201cirregularidades\u201d en designaci\u00f3n de jueces - El Diario - Bolivia","type":"rich","width":600,"height":338,"html":"<blockquote class=\"wp-embedded-content\" data-secret=\"l8FjBOqNkj\"><a href=\"https:\/\/www.eldiario.net\/portal\/2021\/05\/26\/advierten-irregularidades-en-designacion-de-jueces\/\">Advierten \u201cirregularidades\u201d  en designaci\u00f3n de jueces<\/a><\/blockquote><iframe sandbox=\"allow-scripts\" security=\"restricted\" src=\"https:\/\/www.eldiario.net\/portal\/2021\/05\/26\/advierten-irregularidades-en-designacion-de-jueces\/embed\/#?secret=l8FjBOqNkj\" width=\"600\" height=\"338\" title=\"\u00abAdvierten \u201cirregularidades\u201d  en designaci\u00f3n de jueces\u00bb \u2014 El Diario - Bolivia\" data-secret=\"l8FjBOqNkj\" frameborder=\"0\" marginwidth=\"0\" marginheight=\"0\" scrolling=\"no\" class=\"wp-embedded-content\"><\/iframe><script>\n\/*! This file is auto-generated *\/\n!function(d,l){\"use strict\";l.querySelector&&d.addEventListener&&\"undefined\"!=typeof URL&&(d.wp=d.wp||{},d.wp.receiveEmbedMessage||(d.wp.receiveEmbedMessage=function(e){var t=e.data;if((t||t.secret||t.message||t.value)&&!\/[^a-zA-Z0-9]\/.test(t.secret)){for(var s,r,n,a=l.querySelectorAll('iframe[data-secret=\"'+t.secret+'\"]'),o=l.querySelectorAll('blockquote[data-secret=\"'+t.secret+'\"]'),c=new RegExp(\"^https?:$\",\"i\"),i=0;i<o.length;i++)o[i].style.display=\"none\";for(i=0;i<a.length;i++)s=a[i],e.source===s.contentWindow&&(s.removeAttribute(\"style\"),\"height\"===t.message?(1e3<(r=parseInt(t.value,10))?r=1e3:~~r<200&&(r=200),s.height=r):\"link\"===t.message&&(r=new URL(s.getAttribute(\"src\")),n=new URL(t.value),c.test(n.protocol))&&n.host===r.host&&l.activeElement===s&&(d.top.location.href=t.value))}},d.addEventListener(\"message\",d.wp.receiveEmbedMessage,!1),l.addEventListener(\"DOMContentLoaded\",function(){for(var e,t,s=l.querySelectorAll(\"iframe.wp-embedded-content\"),r=0;r<s.length;r++)(t=(e=s[r]).getAttribute(\"data-secret\"))||(t=Math.random().toString(36).substring(2,12),e.src+=\"#?secret=\"+t,e.setAttribute(\"data-secret\",t)),e.contentWindow.postMessage({message:\"ready\",secret:t},\"*\")},!1)))}(window,document);\n\/\/# sourceURL=https:\/\/www.eldiario.net\/portal\/wp-includes\/js\/wp-embed.min.js\n<\/script>\n","description":"Despu\u00e9s de conocerse que el ex fiscal departamental de La Paz, Edwin Blanco, denunciado por haber ocultado pruebas que demostraban la inocencia del m\u00e9dico Jhiery Fern\u00e1ndez, fue designado como juez de sentencia de La Paz, el Ministerio de Justicia inform\u00f3 que solicit\u00f3 al Consejo de la Magistratura copias legalizadas del proceso de selecci\u00f3n, tras verificar [&hellip;]"}