{"version":"1.0","provider_name":"El Diario - Bolivia","provider_url":"https:\/\/www.eldiario.net\/portal","title":"Fiscal\u00eda retira acusaci\u00f3n contra m\u00e9dico Fern\u00e1ndez - El Diario - Bolivia","type":"rich","width":600,"height":338,"html":"<blockquote class=\"wp-embedded-content\" data-secret=\"nTm1cwCDMO\"><a href=\"https:\/\/www.eldiario.net\/portal\/2021\/05\/21\/fiscalia-retira-acusacion-contra-medico-fernandez\/\">Fiscal\u00eda retira acusaci\u00f3n  contra m\u00e9dico Fern\u00e1ndez<\/a><\/blockquote><iframe sandbox=\"allow-scripts\" security=\"restricted\" src=\"https:\/\/www.eldiario.net\/portal\/2021\/05\/21\/fiscalia-retira-acusacion-contra-medico-fernandez\/embed\/#?secret=nTm1cwCDMO\" width=\"600\" height=\"338\" title=\"\u00abFiscal\u00eda retira acusaci\u00f3n  contra m\u00e9dico Fern\u00e1ndez\u00bb \u2014 El Diario - Bolivia\" data-secret=\"nTm1cwCDMO\" frameborder=\"0\" marginwidth=\"0\" marginheight=\"0\" scrolling=\"no\" class=\"wp-embedded-content\"><\/iframe><script>\n\/*! This file is auto-generated *\/\n!function(d,l){\"use strict\";l.querySelector&&d.addEventListener&&\"undefined\"!=typeof URL&&(d.wp=d.wp||{},d.wp.receiveEmbedMessage||(d.wp.receiveEmbedMessage=function(e){var t=e.data;if((t||t.secret||t.message||t.value)&&!\/[^a-zA-Z0-9]\/.test(t.secret)){for(var s,r,n,a=l.querySelectorAll('iframe[data-secret=\"'+t.secret+'\"]'),o=l.querySelectorAll('blockquote[data-secret=\"'+t.secret+'\"]'),c=new RegExp(\"^https?:$\",\"i\"),i=0;i<o.length;i++)o[i].style.display=\"none\";for(i=0;i<a.length;i++)s=a[i],e.source===s.contentWindow&&(s.removeAttribute(\"style\"),\"height\"===t.message?(1e3<(r=parseInt(t.value,10))?r=1e3:~~r<200&&(r=200),s.height=r):\"link\"===t.message&&(r=new URL(s.getAttribute(\"src\")),n=new URL(t.value),c.test(n.protocol))&&n.host===r.host&&l.activeElement===s&&(d.top.location.href=t.value))}},d.addEventListener(\"message\",d.wp.receiveEmbedMessage,!1),l.addEventListener(\"DOMContentLoaded\",function(){for(var e,t,s=l.querySelectorAll(\"iframe.wp-embedded-content\"),r=0;r<s.length;r++)(t=(e=s[r]).getAttribute(\"data-secret\"))||(t=Math.random().toString(36).substring(2,12),e.src+=\"#?secret=\"+t,e.setAttribute(\"data-secret\",t)),e.contentWindow.postMessage({message:\"ready\",secret:t},\"*\")},!1)))}(window,document);\n\/\/# sourceURL=https:\/\/www.eldiario.net\/portal\/wp-includes\/js\/wp-embed.min.js\n<\/script>\n","description":"A siete a\u00f1os de haberse iniciado este proceso, la Fiscal\u00eda resolvi\u00f3 retirar la acusaci\u00f3n contra el m\u00e9dico Jhiery Fern\u00e1ndez, debido a la muerte del beb\u00e9 Alexander en 2014, inform\u00f3 el fiscal general del Estado (FGE) Juan Lanchipa. En 2018, el Tribunal de Sentencia de La Paz dict\u00f3 un fallo de 20 a\u00f1os para Jhiery Fern\u00e1ndez; [&hellip;]"}